{"id":391,"date":"2024-04-15T15:46:52","date_gmt":"2024-04-15T13:46:52","guid":{"rendered":"https:\/\/arlanc.fr\/musee-de-la-dentelle\/?page_id=391"},"modified":"2024-07-23T12:01:52","modified_gmt":"2024-07-23T10:01:52","slug":"exposition-2024","status":"publish","type":"page","link":"https:\/\/arlanc.fr\/musee-de-la-dentelle\/exposition-2024\/","title":{"rendered":"Exposition 2024"},"content":{"rendered":"\t\t<div data-elementor-type=\"wp-page\" data-elementor-id=\"391\" class=\"elementor elementor-391\">\n\t\t\t\t\t\t<section class=\"elementor-section elementor-top-section elementor-element elementor-element-ded9abf elementor-section-boxed elementor-section-height-default elementor-section-height-default\" data-id=\"ded9abf\" data-element_type=\"section\" data-e-type=\"section\">\n\t\t\t\t\t\t<div class=\"elementor-container elementor-column-gap-default\">\n\t\t\t\t\t<div class=\"elementor-column elementor-col-100 elementor-top-column elementor-element elementor-element-434adc7\" data-id=\"434adc7\" data-element_type=\"column\" data-e-type=\"column\">\n\t\t\t<div class=\"elementor-widget-wrap elementor-element-populated\">\n\t\t\t\t\t\t<div class=\"elementor-element elementor-element-ae8bee2 elementor-widget elementor-widget-heading\" data-id=\"ae8bee2\" data-element_type=\"widget\" data-e-type=\"widget\" data-widget_type=\"heading.default\">\n\t\t\t\t<div class=\"elementor-widget-container\">\n\t\t\t\t\t<h2 class=\"elementor-heading-title elementor-size-default\">ARANT\u00c8LES - MARTINE VIALA<\/h2>\t\t\t\t<\/div>\n\t\t\t\t<\/div>\n\t\t\t\t\t<\/div>\n\t\t<\/div>\n\t\t\t\t\t<\/div>\n\t\t<\/section>\n\t\t\t\t<section class=\"elementor-section elementor-top-section elementor-element elementor-element-1493b70 elementor-section-boxed elementor-section-height-default elementor-section-height-default\" data-id=\"1493b70\" data-element_type=\"section\" data-e-type=\"section\">\n\t\t\t\t\t\t<div class=\"elementor-container elementor-column-gap-default\">\n\t\t\t\t\t<div class=\"elementor-column elementor-col-100 elementor-top-column elementor-element elementor-element-c195edd\" data-id=\"c195edd\" data-element_type=\"column\" data-e-type=\"column\">\n\t\t\t<div class=\"elementor-widget-wrap elementor-element-populated\">\n\t\t\t\t\t\t<div class=\"elementor-element elementor-element-c4a75d4 elementor-widget elementor-widget-text-editor\" data-id=\"c4a75d4\" data-element_type=\"widget\" data-e-type=\"widget\" data-widget_type=\"text-editor.default\">\n\t\t\t\t<div class=\"elementor-widget-container\">\n\t\t\t\t\t\t\t\t\t<h5>VISIBLE DE MAI \u00c0 SEPTEMBRE<\/h5>\t\t\t\t\t\t\t\t<\/div>\n\t\t\t\t<\/div>\n\t\t\t\t<div class=\"elementor-element elementor-element-4d0b661 elementor-widget elementor-widget-spacer\" data-id=\"4d0b661\" data-element_type=\"widget\" data-e-type=\"widget\" data-widget_type=\"spacer.default\">\n\t\t\t\t<div class=\"elementor-widget-container\">\n\t\t\t\t\t\t\t<div class=\"elementor-spacer\">\n\t\t\t<div class=\"elementor-spacer-inner\"><\/div>\n\t\t<\/div>\n\t\t\t\t\t\t<\/div>\n\t\t\t\t<\/div>\n\t\t\t\t\t<\/div>\n\t\t<\/div>\n\t\t\t\t\t<\/div>\n\t\t<\/section>\n\t\t\t\t<section class=\"elementor-section elementor-top-section elementor-element elementor-element-00f1fbf elementor-section-boxed elementor-section-height-default elementor-section-height-default\" data-id=\"00f1fbf\" data-element_type=\"section\" data-e-type=\"section\">\n\t\t\t\t\t\t<div class=\"elementor-container elementor-column-gap-default\">\n\t\t\t\t\t<div class=\"elementor-column elementor-col-50 elementor-top-column elementor-element elementor-element-55a5467\" data-id=\"55a5467\" data-element_type=\"column\" data-e-type=\"column\">\n\t\t\t<div class=\"elementor-widget-wrap elementor-element-populated\">\n\t\t\t\t\t\t<div class=\"elementor-element elementor-element-522f013 elementor-widget elementor-widget-image\" data-id=\"522f013\" data-element_type=\"widget\" data-e-type=\"widget\" data-widget_type=\"image.default\">\n\t\t\t\t<div class=\"elementor-widget-container\">\n\t\t\t\t\t\t\t\t\t\t\t\t\t\t\t<img fetchpriority=\"high\" decoding=\"async\" width=\"1024\" height=\"683\" src=\"https:\/\/arlanc.fr\/musee-de-la-dentelle\/wp-content\/uploads\/2024\/04\/IMG_6926-compresse-1024x683.jpg\" class=\"attachment-large size-large wp-image-410\" alt=\"\" srcset=\"https:\/\/arlanc.fr\/musee-de-la-dentelle\/wp-content\/uploads\/2024\/04\/IMG_6926-compresse-1024x683.jpg 1024w, https:\/\/arlanc.fr\/musee-de-la-dentelle\/wp-content\/uploads\/2024\/04\/IMG_6926-compresse-300x200.jpg 300w, https:\/\/arlanc.fr\/musee-de-la-dentelle\/wp-content\/uploads\/2024\/04\/IMG_6926-compresse-768x512.jpg 768w, https:\/\/arlanc.fr\/musee-de-la-dentelle\/wp-content\/uploads\/2024\/04\/IMG_6926-compresse-1536x1024.jpg 1536w, https:\/\/arlanc.fr\/musee-de-la-dentelle\/wp-content\/uploads\/2024\/04\/IMG_6926-compresse-2048x1365.jpg 2048w\" sizes=\"(max-width: 1024px) 100vw, 1024px\" \/>\t\t\t\t\t\t\t\t\t\t\t\t\t\t\t<\/div>\n\t\t\t\t<\/div>\n\t\t\t\t\t<\/div>\n\t\t<\/div>\n\t\t\t\t<div class=\"elementor-column elementor-col-50 elementor-top-column elementor-element elementor-element-b92de55\" data-id=\"b92de55\" data-element_type=\"column\" data-e-type=\"column\">\n\t\t\t<div class=\"elementor-widget-wrap elementor-element-populated\">\n\t\t\t\t\t\t<div class=\"elementor-element elementor-element-4352095 elementor-widget elementor-widget-text-editor\" data-id=\"4352095\" data-element_type=\"widget\" data-e-type=\"widget\" data-widget_type=\"text-editor.default\">\n\t\t\t\t<div class=\"elementor-widget-container\">\n\t\t\t\t\t\t\t\t\t<p dir=\"ltr\" style=\"line-height: 1.2; margin-left: 35.454002380371094pt; margin-top: 31.6619873046875pt; margin-bottom: 0pt;\"><span style=\"font-size: 13.999999999999998pt; font-family: 'Times New Roman',serif; color: #000000; background-color: transparent; font-weight: bold; font-style: italic; font-variant: normal; text-decoration: none; vertical-align: baseline; white-space: pre-wrap;\">La ge\u00f4li\u00e8re emprisonneuse\u00a0\u00a0<\/span><\/p><p dir=\"ltr\" style=\"line-height: 1.2; margin-left: 108.15400695800781pt; margin-top: 0pt; margin-bottom: 0pt;\"><span style=\"font-size: 13.999999999999998pt; font-family: 'Times New Roman',serif; color: #000000; background-color: transparent; font-weight: bold; font-style: italic; font-variant: normal; text-decoration: none; vertical-align: baseline; white-space: pre-wrap;\">trame la toile perfide du pi\u00e8ge agglutinant\u00a0\u00a0<\/span><\/p><p dir=\"ltr\" style=\"line-height: 1.2; margin-left: 108.15400695800781pt; margin-top: 0pt; margin-bottom: 0pt;\">\u00a0<\/p>\t\t\t\t\t\t\t\t<\/div>\n\t\t\t\t<\/div>\n\t\t\t\t\t<\/div>\n\t\t<\/div>\n\t\t\t\t\t<\/div>\n\t\t<\/section>\n\t\t\t\t<section class=\"elementor-section elementor-top-section elementor-element elementor-element-60b8fdd elementor-section-boxed elementor-section-height-default elementor-section-height-default\" data-id=\"60b8fdd\" data-element_type=\"section\" data-e-type=\"section\">\n\t\t\t\t\t\t<div class=\"elementor-container elementor-column-gap-default\">\n\t\t\t\t\t<div class=\"elementor-column elementor-col-100 elementor-top-column elementor-element elementor-element-e2e2169\" data-id=\"e2e2169\" data-element_type=\"column\" data-e-type=\"column\">\n\t\t\t<div class=\"elementor-widget-wrap elementor-element-populated\">\n\t\t\t\t\t\t<div class=\"elementor-element elementor-element-78ad27a elementor-widget elementor-widget-spacer\" data-id=\"78ad27a\" data-element_type=\"widget\" data-e-type=\"widget\" data-widget_type=\"spacer.default\">\n\t\t\t\t<div class=\"elementor-widget-container\">\n\t\t\t\t\t\t\t<div class=\"elementor-spacer\">\n\t\t\t<div class=\"elementor-spacer-inner\"><\/div>\n\t\t<\/div>\n\t\t\t\t\t\t<\/div>\n\t\t\t\t<\/div>\n\t\t\t\t\t<\/div>\n\t\t<\/div>\n\t\t\t\t\t<\/div>\n\t\t<\/section>\n\t\t\t\t<section class=\"elementor-section elementor-top-section elementor-element elementor-element-c55cdfa elementor-section-boxed elementor-section-height-default elementor-section-height-default\" data-id=\"c55cdfa\" data-element_type=\"section\" data-e-type=\"section\">\n\t\t\t\t\t\t<div class=\"elementor-container elementor-column-gap-default\">\n\t\t\t\t\t<div class=\"elementor-column elementor-col-100 elementor-top-column elementor-element elementor-element-e91995c\" data-id=\"e91995c\" data-element_type=\"column\" data-e-type=\"column\">\n\t\t\t<div class=\"elementor-widget-wrap elementor-element-populated\">\n\t\t\t\t\t\t<div class=\"elementor-element elementor-element-b32bf96 elementor-widget elementor-widget-text-editor\" data-id=\"b32bf96\" data-element_type=\"widget\" data-e-type=\"widget\" data-widget_type=\"text-editor.default\">\n\t\t\t\t<div class=\"elementor-widget-container\">\n\t\t\t\t\t\t\t\t\t<p>Cette exposition se compose de deux parties distinctes qui se r\u00e9pondent et questionnent tant : le pass\u00e9 dentellier d\u2019Arlanc, le regard des publics face aux \u0153uvres de dentelles\u00a0 &#8211; avec <em>\u00ab\u00a0les cercles de dentelle\u00a0\u00bb<\/em> -, que sur le travail de l\u2019araign\u00e9e, sa toile et les tissages dont la conception r\u00e9cup\u00e9r\u00e9e, d\u00e9passe la nature pour\u00a0 la cr\u00e9ation de r\u00e9seaux.<\/p><p>La grande installation \u00ab\u00a0<em>un \u2013 p\u00e9n\u00e9trable<\/em>\u00a0\u00bb de sculptures molles, r\u00e9fl\u00e9chit l\u2019ambigu\u00eft\u00e9 et l\u2019enfermement insidieux des r\u00e9seaux qui multiplient les traits d\u2019union pour mieux d\u00e9sunir et isoler.<\/p><p>Les cr\u00e9ations de Martine Viala seront pr\u00e9sent\u00e9es simultan\u00e9ment sur quatre lieux d&rsquo;Arlanc : le Mus\u00e9e de la dentelle, le Jardin pour la Terre, l&rsquo;Espace Particulier d\u2019Art Actuel (c\u00f4t\u00e9 vitrines) et au Jardin des Sculptures.<\/p><p>\u00a0<\/p>\t\t\t\t\t\t\t\t<\/div>\n\t\t\t\t<\/div>\n\t\t\t\t\t<\/div>\n\t\t<\/div>\n\t\t\t\t\t<\/div>\n\t\t<\/section>\n\t\t\t\t<section class=\"elementor-section elementor-top-section elementor-element elementor-element-24bcf9b elementor-section-boxed elementor-section-height-default elementor-section-height-default\" data-id=\"24bcf9b\" data-element_type=\"section\" data-e-type=\"section\">\n\t\t\t\t\t\t<div class=\"elementor-container elementor-column-gap-default\">\n\t\t\t\t\t<div class=\"elementor-column elementor-col-50 elementor-top-column elementor-element elementor-element-8baf464\" data-id=\"8baf464\" data-element_type=\"column\" data-e-type=\"column\">\n\t\t\t<div class=\"elementor-widget-wrap elementor-element-populated\">\n\t\t\t\t\t\t<div class=\"elementor-element elementor-element-d22b3a5 elementor-widget elementor-widget-image\" data-id=\"d22b3a5\" data-element_type=\"widget\" data-e-type=\"widget\" data-widget_type=\"image.default\">\n\t\t\t\t<div class=\"elementor-widget-container\">\n\t\t\t\t\t\t\t\t\t\t\t\t\t\t\t<img decoding=\"async\" width=\"1024\" height=\"683\" src=\"https:\/\/arlanc.fr\/musee-de-la-dentelle\/wp-content\/uploads\/2024\/04\/IMG_6936-compresse-1024x683.jpg\" class=\"attachment-large size-large wp-image-414\" alt=\"\" srcset=\"https:\/\/arlanc.fr\/musee-de-la-dentelle\/wp-content\/uploads\/2024\/04\/IMG_6936-compresse-1024x683.jpg 1024w, https:\/\/arlanc.fr\/musee-de-la-dentelle\/wp-content\/uploads\/2024\/04\/IMG_6936-compresse-300x200.jpg 300w, https:\/\/arlanc.fr\/musee-de-la-dentelle\/wp-content\/uploads\/2024\/04\/IMG_6936-compresse-768x512.jpg 768w, https:\/\/arlanc.fr\/musee-de-la-dentelle\/wp-content\/uploads\/2024\/04\/IMG_6936-compresse-1536x1024.jpg 1536w, https:\/\/arlanc.fr\/musee-de-la-dentelle\/wp-content\/uploads\/2024\/04\/IMG_6936-compresse-2048x1365.jpg 2048w\" sizes=\"(max-width: 1024px) 100vw, 1024px\" \/>\t\t\t\t\t\t\t\t\t\t\t\t\t\t\t<\/div>\n\t\t\t\t<\/div>\n\t\t\t\t\t<\/div>\n\t\t<\/div>\n\t\t\t\t<div class=\"elementor-column elementor-col-50 elementor-top-column elementor-element elementor-element-e858cb2\" data-id=\"e858cb2\" data-element_type=\"column\" data-e-type=\"column\">\n\t\t\t<div class=\"elementor-widget-wrap elementor-element-populated\">\n\t\t\t\t\t\t<div class=\"elementor-element elementor-element-bb4f415 elementor-widget elementor-widget-image\" data-id=\"bb4f415\" data-element_type=\"widget\" data-e-type=\"widget\" data-widget_type=\"image.default\">\n\t\t\t\t<div class=\"elementor-widget-container\">\n\t\t\t\t\t\t\t\t\t\t\t\t\t\t\t<img decoding=\"async\" width=\"1024\" height=\"577\" src=\"https:\/\/arlanc.fr\/musee-de-la-dentelle\/wp-content\/uploads\/2024\/07\/20240723_111538-1-1024x577.jpg\" class=\"attachment-large size-large wp-image-556\" alt=\"\" srcset=\"https:\/\/arlanc.fr\/musee-de-la-dentelle\/wp-content\/uploads\/2024\/07\/20240723_111538-1-1024x577.jpg 1024w, https:\/\/arlanc.fr\/musee-de-la-dentelle\/wp-content\/uploads\/2024\/07\/20240723_111538-1-300x169.jpg 300w, https:\/\/arlanc.fr\/musee-de-la-dentelle\/wp-content\/uploads\/2024\/07\/20240723_111538-1-768x433.jpg 768w, https:\/\/arlanc.fr\/musee-de-la-dentelle\/wp-content\/uploads\/2024\/07\/20240723_111538-1-1536x865.jpg 1536w, https:\/\/arlanc.fr\/musee-de-la-dentelle\/wp-content\/uploads\/2024\/07\/20240723_111538-1-2048x1153.jpg 2048w\" sizes=\"(max-width: 1024px) 100vw, 1024px\" \/>\t\t\t\t\t\t\t\t\t\t\t\t\t\t\t<\/div>\n\t\t\t\t<\/div>\n\t\t\t\t\t<\/div>\n\t\t<\/div>\n\t\t\t\t\t<\/div>\n\t\t<\/section>\n\t\t\t\t<section class=\"elementor-section elementor-top-section elementor-element elementor-element-205f97c elementor-section-boxed elementor-section-height-default elementor-section-height-default\" data-id=\"205f97c\" data-element_type=\"section\" data-e-type=\"section\">\n\t\t\t\t\t\t<div class=\"elementor-container elementor-column-gap-default\">\n\t\t\t\t\t<div class=\"elementor-column elementor-col-100 elementor-top-column elementor-element elementor-element-d9e808a\" data-id=\"d9e808a\" data-element_type=\"column\" data-e-type=\"column\">\n\t\t\t<div class=\"elementor-widget-wrap elementor-element-populated\">\n\t\t\t\t\t\t<div class=\"elementor-element elementor-element-52fc160 elementor-widget elementor-widget-spacer\" data-id=\"52fc160\" data-element_type=\"widget\" data-e-type=\"widget\" data-widget_type=\"spacer.default\">\n\t\t\t\t<div class=\"elementor-widget-container\">\n\t\t\t\t\t\t\t<div class=\"elementor-spacer\">\n\t\t\t<div class=\"elementor-spacer-inner\"><\/div>\n\t\t<\/div>\n\t\t\t\t\t\t<\/div>\n\t\t\t\t<\/div>\n\t\t\t\t<div class=\"elementor-element elementor-element-3613710 elementor-widget elementor-widget-video\" data-id=\"3613710\" data-element_type=\"widget\" data-e-type=\"widget\" data-settings=\"{&quot;youtube_url&quot;:&quot;https:\\\/\\\/www.youtube.com\\\/watch?v=3ZVbmZ1EPgg&quot;,&quot;video_type&quot;:&quot;youtube&quot;,&quot;controls&quot;:&quot;yes&quot;}\" data-widget_type=\"video.default\">\n\t\t\t\t<div class=\"elementor-widget-container\">\n\t\t\t\t\t\t\t<div class=\"elementor-wrapper elementor-open-inline\">\n\t\t\t<div class=\"elementor-video\"><\/div>\t\t<\/div>\n\t\t\t\t\t\t<\/div>\n\t\t\t\t<\/div>\n\t\t\t\t\t<\/div>\n\t\t<\/div>\n\t\t\t\t\t<\/div>\n\t\t<\/section>\n\t\t\t\t<\/div>\n\t\t","protected":false},"excerpt":{"rendered":"<p>ARANT\u00c8LES &#8211; MARTINE VIALA VISIBLE DE MAI \u00c0 SEPTEMBRE La ge\u00f4li\u00e8re emprisonneuse\u00a0\u00a0 trame la toile perfide du pi\u00e8ge agglutinant\u00a0\u00a0 \u00a0 Cette exposition se compose de deux parties distinctes qui se r\u00e9pondent et questionnent tant : le pass\u00e9 dentellier d\u2019Arlanc, le regard des publics face aux \u0153uvres de dentelles\u00a0 &#8211; avec \u00ab\u00a0les cercles de dentelle\u00a0\u00bb -, [&hellip;]<\/p>\n","protected":false},"author":1,"featured_media":395,"parent":0,"menu_order":0,"comment_status":"closed","ping_status":"closed","template":"","meta":{"footnotes":""},"class_list":["post-391","page","type-page","status-publish","has-post-thumbnail","hentry"],"yoast_head":"<!-- This site is optimized with the Yoast SEO plugin v18.6 - https:\/\/yoast.com\/wordpress\/plugins\/seo\/ -->\n<title>Exposition 2024 - Le Mus\u00e9e de la Dentelle d&#039;Arlanc<\/title>\n<meta name=\"robots\" content=\"index, follow, max-snippet:-1, max-image-preview:large, max-video-preview:-1\" \/>\n<link rel=\"canonical\" href=\"https:\/\/arlanc.fr\/musee-de-la-dentelle\/exposition-2024\/\" \/>\n<meta property=\"og:locale\" content=\"fr_FR\" \/>\n<meta property=\"og:type\" content=\"article\" \/>\n<meta property=\"og:title\" content=\"Exposition 2024 - Le Mus\u00e9e de la Dentelle d&#039;Arlanc\" \/>\n<meta property=\"og:description\" content=\"ARANT\u00c8LES &#8211; MARTINE VIALA VISIBLE DE MAI \u00c0 SEPTEMBRE La ge\u00f4li\u00e8re emprisonneuse\u00a0\u00a0 trame la toile perfide du pi\u00e8ge agglutinant\u00a0\u00a0 \u00a0 Cette exposition se compose de deux parties distinctes qui se r\u00e9pondent et questionnent tant : le pass\u00e9 dentellier d\u2019Arlanc, le regard des publics face aux \u0153uvres de dentelles\u00a0 &#8211; avec \u00ab\u00a0les cercles de dentelle\u00a0\u00bb -, [&hellip;]\" \/>\n<meta property=\"og:url\" content=\"https:\/\/arlanc.fr\/musee-de-la-dentelle\/exposition-2024\/\" \/>\n<meta property=\"og:site_name\" content=\"Le Mus\u00e9e de la Dentelle d&#039;Arlanc\" \/>\n<meta property=\"article:modified_time\" content=\"2024-07-23T10:01:52+00:00\" \/>\n<meta property=\"og:image\" content=\"http:\/\/arlanc.fr\/musee-de-la-dentelle\/wp-content\/uploads\/2024\/04\/IMG_6929-scaled.jpg\" \/>\n\t<meta property=\"og:image:width\" content=\"2560\" \/>\n\t<meta property=\"og:image:height\" content=\"1707\" \/>\n\t<meta property=\"og:image:type\" content=\"image\/jpeg\" \/>\n<meta name=\"twitter:card\" content=\"summary_large_image\" \/>\n<meta name=\"twitter:label1\" content=\"Dur\u00e9e de lecture estim\u00e9e\" \/>\n\t<meta name=\"twitter:data1\" content=\"1 minute\" \/>\n<script type=\"application\/ld+json\" class=\"yoast-schema-graph\">{\"@context\":\"https:\/\/schema.org\",\"@graph\":[{\"@type\":\"WebSite\",\"@id\":\"https:\/\/arlanc.fr\/musee-de-la-dentelle\/#website\",\"url\":\"https:\/\/arlanc.fr\/musee-de-la-dentelle\/\",\"name\":\"Le Mus\u00e9e de la Dentelle d&#039;Arlanc\",\"description\":\"La dentelle aux fuseaux a \u00e9t\u00e9 cr\u00e9\u00e9e pour donner un aspect d\u00e9coratif aux bords des v\u00eatements en Italie puis en Flandres. La France en a import\u00e9 avant que Colbert en interdise l\u2019importation et fonde les manufactures royales (Alen\u00e7on, Chantilly\u2026)\",\"potentialAction\":[{\"@type\":\"SearchAction\",\"target\":{\"@type\":\"EntryPoint\",\"urlTemplate\":\"https:\/\/arlanc.fr\/musee-de-la-dentelle\/?s={search_term_string}\"},\"query-input\":\"required name=search_term_string\"}],\"inLanguage\":\"fr-FR\"},{\"@type\":\"ImageObject\",\"@id\":\"https:\/\/arlanc.fr\/musee-de-la-dentelle\/exposition-2024\/#primaryimage\",\"inLanguage\":\"fr-FR\",\"url\":\"https:\/\/arlanc.fr\/musee-de-la-dentelle\/wp-content\/uploads\/2024\/04\/IMG_6929-scaled.jpg\",\"contentUrl\":\"https:\/\/arlanc.fr\/musee-de-la-dentelle\/wp-content\/uploads\/2024\/04\/IMG_6929-scaled.jpg\",\"width\":2560,\"height\":1707},{\"@type\":\"WebPage\",\"@id\":\"https:\/\/arlanc.fr\/musee-de-la-dentelle\/exposition-2024\/#webpage\",\"url\":\"https:\/\/arlanc.fr\/musee-de-la-dentelle\/exposition-2024\/\",\"name\":\"Exposition 2024 - Le Mus\u00e9e de la Dentelle d&#039;Arlanc\",\"isPartOf\":{\"@id\":\"https:\/\/arlanc.fr\/musee-de-la-dentelle\/#website\"},\"primaryImageOfPage\":{\"@id\":\"https:\/\/arlanc.fr\/musee-de-la-dentelle\/exposition-2024\/#primaryimage\"},\"datePublished\":\"2024-04-15T13:46:52+00:00\",\"dateModified\":\"2024-07-23T10:01:52+00:00\",\"breadcrumb\":{\"@id\":\"https:\/\/arlanc.fr\/musee-de-la-dentelle\/exposition-2024\/#breadcrumb\"},\"inLanguage\":\"fr-FR\",\"potentialAction\":[{\"@type\":\"ReadAction\",\"target\":[\"https:\/\/arlanc.fr\/musee-de-la-dentelle\/exposition-2024\/\"]}]},{\"@type\":\"BreadcrumbList\",\"@id\":\"https:\/\/arlanc.fr\/musee-de-la-dentelle\/exposition-2024\/#breadcrumb\",\"itemListElement\":[{\"@type\":\"ListItem\",\"position\":1,\"name\":\"Accueil\",\"item\":\"https:\/\/arlanc.fr\/musee-de-la-dentelle\/\"},{\"@type\":\"ListItem\",\"position\":2,\"name\":\"Exposition 2024\"}]}]}<\/script>\n<!-- \/ Yoast SEO plugin. -->","yoast_head_json":{"title":"Exposition 2024 - Le Mus\u00e9e de la Dentelle d&#039;Arlanc","robots":{"index":"index","follow":"follow","max-snippet":"max-snippet:-1","max-image-preview":"max-image-preview:large","max-video-preview":"max-video-preview:-1"},"canonical":"https:\/\/arlanc.fr\/musee-de-la-dentelle\/exposition-2024\/","og_locale":"fr_FR","og_type":"article","og_title":"Exposition 2024 - Le Mus\u00e9e de la Dentelle d&#039;Arlanc","og_description":"ARANT\u00c8LES &#8211; MARTINE VIALA VISIBLE DE MAI \u00c0 SEPTEMBRE La ge\u00f4li\u00e8re emprisonneuse\u00a0\u00a0 trame la toile perfide du pi\u00e8ge agglutinant\u00a0\u00a0 \u00a0 Cette exposition se compose de deux parties distinctes qui se r\u00e9pondent et questionnent tant : le pass\u00e9 dentellier d\u2019Arlanc, le regard des publics face aux \u0153uvres de dentelles\u00a0 &#8211; avec \u00ab\u00a0les cercles de dentelle\u00a0\u00bb -, [&hellip;]","og_url":"https:\/\/arlanc.fr\/musee-de-la-dentelle\/exposition-2024\/","og_site_name":"Le Mus\u00e9e de la Dentelle d&#039;Arlanc","article_modified_time":"2024-07-23T10:01:52+00:00","og_image":[{"width":2560,"height":1707,"url":"http:\/\/arlanc.fr\/musee-de-la-dentelle\/wp-content\/uploads\/2024\/04\/IMG_6929-scaled.jpg","type":"image\/jpeg"}],"twitter_card":"summary_large_image","twitter_misc":{"Dur\u00e9e de lecture estim\u00e9e":"1 minute"},"schema":{"@context":"https:\/\/schema.org","@graph":[{"@type":"WebSite","@id":"https:\/\/arlanc.fr\/musee-de-la-dentelle\/#website","url":"https:\/\/arlanc.fr\/musee-de-la-dentelle\/","name":"Le Mus\u00e9e de la Dentelle d&#039;Arlanc","description":"La dentelle aux fuseaux a \u00e9t\u00e9 cr\u00e9\u00e9e pour donner un aspect d\u00e9coratif aux bords des v\u00eatements en Italie puis en Flandres. La France en a import\u00e9 avant que Colbert en interdise l\u2019importation et fonde les manufactures royales (Alen\u00e7on, Chantilly\u2026)","potentialAction":[{"@type":"SearchAction","target":{"@type":"EntryPoint","urlTemplate":"https:\/\/arlanc.fr\/musee-de-la-dentelle\/?s={search_term_string}"},"query-input":"required name=search_term_string"}],"inLanguage":"fr-FR"},{"@type":"ImageObject","@id":"https:\/\/arlanc.fr\/musee-de-la-dentelle\/exposition-2024\/#primaryimage","inLanguage":"fr-FR","url":"https:\/\/arlanc.fr\/musee-de-la-dentelle\/wp-content\/uploads\/2024\/04\/IMG_6929-scaled.jpg","contentUrl":"https:\/\/arlanc.fr\/musee-de-la-dentelle\/wp-content\/uploads\/2024\/04\/IMG_6929-scaled.jpg","width":2560,"height":1707},{"@type":"WebPage","@id":"https:\/\/arlanc.fr\/musee-de-la-dentelle\/exposition-2024\/#webpage","url":"https:\/\/arlanc.fr\/musee-de-la-dentelle\/exposition-2024\/","name":"Exposition 2024 - Le Mus\u00e9e de la Dentelle d&#039;Arlanc","isPartOf":{"@id":"https:\/\/arlanc.fr\/musee-de-la-dentelle\/#website"},"primaryImageOfPage":{"@id":"https:\/\/arlanc.fr\/musee-de-la-dentelle\/exposition-2024\/#primaryimage"},"datePublished":"2024-04-15T13:46:52+00:00","dateModified":"2024-07-23T10:01:52+00:00","breadcrumb":{"@id":"https:\/\/arlanc.fr\/musee-de-la-dentelle\/exposition-2024\/#breadcrumb"},"inLanguage":"fr-FR","potentialAction":[{"@type":"ReadAction","target":["https:\/\/arlanc.fr\/musee-de-la-dentelle\/exposition-2024\/"]}]},{"@type":"BreadcrumbList","@id":"https:\/\/arlanc.fr\/musee-de-la-dentelle\/exposition-2024\/#breadcrumb","itemListElement":[{"@type":"ListItem","position":1,"name":"Accueil","item":"https:\/\/arlanc.fr\/musee-de-la-dentelle\/"},{"@type":"ListItem","position":2,"name":"Exposition 2024"}]}]}},"_links":{"self":[{"href":"https:\/\/arlanc.fr\/musee-de-la-dentelle\/wp-json\/wp\/v2\/pages\/391","targetHints":{"allow":["GET"]}}],"collection":[{"href":"https:\/\/arlanc.fr\/musee-de-la-dentelle\/wp-json\/wp\/v2\/pages"}],"about":[{"href":"https:\/\/arlanc.fr\/musee-de-la-dentelle\/wp-json\/wp\/v2\/types\/page"}],"author":[{"embeddable":true,"href":"https:\/\/arlanc.fr\/musee-de-la-dentelle\/wp-json\/wp\/v2\/users\/1"}],"replies":[{"embeddable":true,"href":"https:\/\/arlanc.fr\/musee-de-la-dentelle\/wp-json\/wp\/v2\/comments?post=391"}],"version-history":[{"count":50,"href":"https:\/\/arlanc.fr\/musee-de-la-dentelle\/wp-json\/wp\/v2\/pages\/391\/revisions"}],"predecessor-version":[{"id":566,"href":"https:\/\/arlanc.fr\/musee-de-la-dentelle\/wp-json\/wp\/v2\/pages\/391\/revisions\/566"}],"wp:featuredmedia":[{"embeddable":true,"href":"https:\/\/arlanc.fr\/musee-de-la-dentelle\/wp-json\/wp\/v2\/media\/395"}],"wp:attachment":[{"href":"https:\/\/arlanc.fr\/musee-de-la-dentelle\/wp-json\/wp\/v2\/media?parent=391"}],"curies":[{"name":"wp","href":"https:\/\/api.w.org\/{rel}","templated":true}]}}