{"id":13,"date":"2022-04-03T20:14:18","date_gmt":"2022-04-03T18:14:18","guid":{"rendered":"http:\/\/arlanc.dbegon.fr\/musee-de-la-dentelle\/?page_id=13"},"modified":"2024-09-07T15:10:23","modified_gmt":"2024-09-07T13:10:23","slug":"accueil","status":"publish","type":"page","link":"https:\/\/arlanc.fr\/musee-de-la-dentelle\/","title":{"rendered":"Accueil"},"content":{"rendered":"\t\t<div data-elementor-type=\"wp-page\" data-elementor-id=\"13\" class=\"elementor elementor-13\">\n\t\t\t\t\t\t<section class=\"elementor-section elementor-top-section elementor-element elementor-element-792717b elementor-section-boxed elementor-section-height-default elementor-section-height-default\" data-id=\"792717b\" data-element_type=\"section\" data-e-type=\"section\">\n\t\t\t\t\t\t<div class=\"elementor-container elementor-column-gap-default\">\n\t\t\t\t\t<div class=\"elementor-column elementor-col-100 elementor-top-column elementor-element elementor-element-88fbc6e\" data-id=\"88fbc6e\" data-element_type=\"column\" data-e-type=\"column\">\n\t\t\t<div class=\"elementor-widget-wrap elementor-element-populated\">\n\t\t\t\t\t\t<div class=\"elementor-element elementor-element-af88ced elementor-widget elementor-widget-heading\" data-id=\"af88ced\" data-element_type=\"widget\" data-e-type=\"widget\" data-widget_type=\"heading.default\">\n\t\t\t\t<div class=\"elementor-widget-container\">\n\t\t\t\t\t<h2 class=\"elementor-heading-title elementor-size-default\">Le Mus\u00e9e de la Dentelle<\/h2>\t\t\t\t<\/div>\n\t\t\t\t<\/div>\n\t\t\t\t\t<\/div>\n\t\t<\/div>\n\t\t\t\t\t<\/div>\n\t\t<\/section>\n\t\t\t\t<section class=\"elementor-section elementor-top-section elementor-element elementor-element-c194c93 elementor-section-boxed elementor-section-height-default elementor-section-height-default\" data-id=\"c194c93\" data-element_type=\"section\" data-e-type=\"section\">\n\t\t\t\t\t\t<div class=\"elementor-container elementor-column-gap-default\">\n\t\t\t\t\t<div class=\"elementor-column elementor-col-50 elementor-top-column elementor-element elementor-element-3b2ccd5\" data-id=\"3b2ccd5\" data-element_type=\"column\" data-e-type=\"column\">\n\t\t\t<div class=\"elementor-widget-wrap elementor-element-populated\">\n\t\t\t\t\t\t<div class=\"elementor-element elementor-element-9feab28 elementor-widget elementor-widget-heading\" data-id=\"9feab28\" data-element_type=\"widget\" data-e-type=\"widget\" data-widget_type=\"heading.default\">\n\t\t\t\t<div class=\"elementor-widget-container\">\n\t\t\t\t\t<h4 class=\"elementor-heading-title elementor-size-default\">Le mus\u00e9e<\/h4>\t\t\t\t<\/div>\n\t\t\t\t<\/div>\n\t\t\t\t<div class=\"elementor-element elementor-element-50c5d9a elementor-drop-cap-yes elementor-drop-cap-view-default elementor-widget elementor-widget-text-editor\" data-id=\"50c5d9a\" data-element_type=\"widget\" data-e-type=\"widget\" data-settings=\"{&quot;drop_cap&quot;:&quot;yes&quot;}\" data-widget_type=\"text-editor.default\">\n\t\t\t\t<div class=\"elementor-widget-container\">\n\t\t\t\t\t\t\t\t\t<p>Mus\u00e9e qui invite \u00e0 la d\u00e9couverte de la dentelle \u00e0 la main. Un lieu d\u2019accueil riche en explications techniques qui familiarise les visiteurs au travail au fuseau ou \u00e0 l\u2019aiguille, sp\u00e9cialit\u00e9 Arlancoise. 3 salles d\u2019exposition pr\u00e9sentent la qualit\u00e9 et la vari\u00e9t\u00e9 des produits dentelliers ainsi que la denteli\u00e8re dans son milieu sociologique. Un montage vid\u00e9o permet une large information avant la visite qui se termine par la d\u00e9monstration d\u2019une denteli\u00e8re. Depuis 1991, les caves vout\u00e9es de l\u2019H\u00f4tel de Ville abritent le \u00ab Mus\u00e9e Municipal de la Dentelle \u00e0 la main \u00bb. Des panneaux didactiques et un documentaire audiovisuel permettent aux visiteurs d\u2019apprendre la diff\u00e9rence entre la dentelle au carreau et la dentelle \u00e0 l\u2019aiguille, de distinguer le point de Venise du point d\u2019Esprit, de conna\u00eetre les instruments de la dentelli\u00e8re.<\/p>\t\t\t\t\t\t\t\t<\/div>\n\t\t\t\t<\/div>\n\t\t\t\t<div class=\"elementor-element elementor-element-5327065 elementor-drop-cap-yes elementor-drop-cap-view-default elementor-widget elementor-widget-text-editor\" data-id=\"5327065\" data-element_type=\"widget\" data-e-type=\"widget\" data-settings=\"{&quot;drop_cap&quot;:&quot;yes&quot;}\" data-widget_type=\"text-editor.default\">\n\t\t\t\t<div class=\"elementor-widget-container\">\n\t\t\t\t\t\t\t\t\t<p>Pour appr\u00e9cier les qualit\u00e9s des remarquables pi\u00e8ces de dentelle, plus de 500, pr\u00e9sent\u00e9es dans les trois salles d\u2019exposition th\u00e9matiques, il faut, au pr\u00e9alable, avoir compris les techniques. Cependant, c\u2019est en observant une dentelli\u00e8re r\u00e9aliser une dentelle devant les visiteurs que la magie des gestes restitue le mieux les secrets de ce savoir faire traditionnel. Au fil du temps, aux XVII\u00e8me et XVIII\u00e8me si\u00e8cles, la mode vestimentaire fut \u00e0 la dentelle. A Arlanc, cette production implant\u00e9e d\u00e8s le XVI\u00e8me si\u00e8cle, b\u00e9n\u00e9ficie de cette passion et resta une industrie florissante jusqu\u2019\u00e0 la R\u00e9volution. Dans les ann\u00e9es 1800, la cr\u00e9ation de la dentelle de laine relan\u00e7a l\u2019activit\u00e9 dentelli\u00e8re mais c\u2019est \u00e0 partir de 1875 que la dentelle \u00e0 la main d\u2019Arlanc acqu\u00e9rit ses lettres de noblesse avec la dentelle \u00e0 l\u2019aiguille dite dentelle \u00ab Renaissance \u00bb. Apport\u00e9e et d\u00e9velopp\u00e9e par une famille de fabricants, les Chabrier, la dentelle \u00ab Renaissance \u00bb trouva un grand nombre d\u2019amateurs en France et en Europe. La Reine Victoria fit m\u00eame l\u2019acquisition d\u2019une robe aux \u00e9tablissements Chabrier lors de l\u2019exposition universelle de 1900.<\/p>\t\t\t\t\t\t\t\t<\/div>\n\t\t\t\t<\/div>\n\t\t\t\t\t<\/div>\n\t\t<\/div>\n\t\t\t\t<div class=\"elementor-column elementor-col-50 elementor-top-column elementor-element elementor-element-16b867d\" data-id=\"16b867d\" data-element_type=\"column\" data-e-type=\"column\">\n\t\t\t<div class=\"elementor-widget-wrap elementor-element-populated\">\n\t\t\t\t\t\t<div class=\"elementor-element elementor-element-fa4c45a elementor-widget elementor-widget-image\" data-id=\"fa4c45a\" data-element_type=\"widget\" data-e-type=\"widget\" data-widget_type=\"image.default\">\n\t\t\t\t<div class=\"elementor-widget-container\">\n\t\t\t\t\t\t\t\t\t\t\t\t\t\t\t<img fetchpriority=\"high\" decoding=\"async\" width=\"2560\" height=\"1961\" src=\"https:\/\/arlanc.fr\/musee-de-la-dentelle\/wp-content\/uploads\/2024\/07\/20240723_112215-scaled.jpg\" class=\"attachment-full size-full wp-image-532\" alt=\"\" srcset=\"https:\/\/arlanc.fr\/musee-de-la-dentelle\/wp-content\/uploads\/2024\/07\/20240723_112215-scaled.jpg 2560w, https:\/\/arlanc.fr\/musee-de-la-dentelle\/wp-content\/uploads\/2024\/07\/20240723_112215-300x230.jpg 300w, https:\/\/arlanc.fr\/musee-de-la-dentelle\/wp-content\/uploads\/2024\/07\/20240723_112215-1024x784.jpg 1024w, https:\/\/arlanc.fr\/musee-de-la-dentelle\/wp-content\/uploads\/2024\/07\/20240723_112215-768x588.jpg 768w, https:\/\/arlanc.fr\/musee-de-la-dentelle\/wp-content\/uploads\/2024\/07\/20240723_112215-1536x1177.jpg 1536w, https:\/\/arlanc.fr\/musee-de-la-dentelle\/wp-content\/uploads\/2024\/07\/20240723_112215-2048x1569.jpg 2048w\" sizes=\"(max-width: 2560px) 100vw, 2560px\" \/>\t\t\t\t\t\t\t\t\t\t\t\t\t\t\t<\/div>\n\t\t\t\t<\/div>\n\t\t\t\t\t<\/div>\n\t\t<\/div>\n\t\t\t\t\t<\/div>\n\t\t<\/section>\n\t\t\t\t<section class=\"elementor-section elementor-top-section elementor-element elementor-element-b8af775 elementor-section-boxed elementor-section-height-default elementor-section-height-default\" data-id=\"b8af775\" data-element_type=\"section\" data-e-type=\"section\">\n\t\t\t\t\t\t<div class=\"elementor-container elementor-column-gap-default\">\n\t\t\t\t\t<div class=\"elementor-column elementor-col-50 elementor-top-column elementor-element elementor-element-072ab08\" data-id=\"072ab08\" data-element_type=\"column\" data-e-type=\"column\">\n\t\t\t<div class=\"elementor-widget-wrap elementor-element-populated\">\n\t\t\t\t\t\t<div class=\"elementor-element elementor-element-db77cfa elementor-widget elementor-widget-heading\" data-id=\"db77cfa\" data-element_type=\"widget\" data-e-type=\"widget\" data-widget_type=\"heading.default\">\n\t\t\t\t<div class=\"elementor-widget-container\">\n\t\t\t\t\t<h4 class=\"elementor-heading-title elementor-size-default\">Les horaires<\/h4>\t\t\t\t<\/div>\n\t\t\t\t<\/div>\n\t\t\t\t<div class=\"elementor-element elementor-element-03eff03 elementor-widget elementor-widget-text-editor\" data-id=\"03eff03\" data-element_type=\"widget\" data-e-type=\"widget\" data-widget_type=\"text-editor.default\">\n\t\t\t\t<div class=\"elementor-widget-container\">\n\t\t\t\t\t\t\t\t\t<section class=\"elementor-section elementor-top-section elementor-element elementor-element-9e95303 elementor-section-boxed elementor-section-height-default elementor-section-height-default\" data-id=\"9e95303\" data-element_type=\"section\">\n<div class=\"elementor-container elementor-column-gap-default\">\n<div class=\"elementor-column elementor-col-50 elementor-top-column elementor-element elementor-element-9df50d5\" data-id=\"9df50d5\" data-element_type=\"column\">\n<div class=\"elementor-widget-wrap elementor-element-populated\">\n<div class=\"elementor-element elementor-element-ec8c369 elementor-widget elementor-widget-heading elementor\" data-id=\"ec8c369\" data-element_type=\"widget\" data-widget_type=\"heading.default\">\n<div class=\"elementor-widget-container\"><strong style=\"font-size: 16px;\">Mai, juin et septembre : <\/strong><span style=\"font-size: 16px;\">le<\/span><span style=\"font-size: 16px;\">s week-ends et les jours f\u00e9ri\u00e9s de 14h \u00e0 18h.<\/span><\/div>\n<\/div>\n<div class=\"elementor-element elementor-element-949cc6b elementor-widget elementor-widget-text-editor elementor\" data-id=\"949cc6b\" data-element_type=\"widget\" data-widget_type=\"text-editor.default\">\n<div class=\"elementor-widget-container\">\n<p><strong>Juillet et ao\u00fbt :<\/strong>&nbsp;tous les jours de 10h30 \u00e0 12h et de 14h \u00e0 17h.&nbsp;<\/p>\n<p><em>Ouvert toute l\u2019ann\u00e9e pour les groupes sur r\u00e9servations.<\/em><\/p>\n<p><em>Tous les vendredis et samedis apr\u00e8s-midi<strong> d\u00e9monstrations de dentelle..<\/strong><\/em><\/p>\n<\/div>\n<\/div>\n<\/div>\n<\/div>\n<\/div>\n<\/section>\t\t\t\t\t\t\t\t<\/div>\n\t\t\t\t<\/div>\n\t\t\t\t\t<\/div>\n\t\t<\/div>\n\t\t\t\t<div class=\"elementor-column elementor-col-50 elementor-top-column elementor-element elementor-element-8c366a6\" data-id=\"8c366a6\" data-element_type=\"column\" data-e-type=\"column\">\n\t\t\t<div class=\"elementor-widget-wrap elementor-element-populated\">\n\t\t\t\t\t\t<div class=\"elementor-element elementor-element-1e0f121 elementor-widget elementor-widget-heading\" data-id=\"1e0f121\" data-element_type=\"widget\" data-e-type=\"widget\" data-widget_type=\"heading.default\">\n\t\t\t\t<div class=\"elementor-widget-container\">\n\t\t\t\t\t<h4 class=\"elementor-heading-title elementor-size-default\">Les tarifs<\/h4>\t\t\t\t<\/div>\n\t\t\t\t<\/div>\n\t\t\t\t<div class=\"elementor-element elementor-element-c62b96a elementor-widget elementor-widget-text-editor\" data-id=\"c62b96a\" data-element_type=\"widget\" data-e-type=\"widget\" data-widget_type=\"text-editor.default\">\n\t\t\t\t<div class=\"elementor-widget-container\">\n\t\t\t\t\t\t\t\t\t<p><strong>Adultes :<\/strong>\u00a05\u20ac<br \/><strong>Enfants 6\/16 ans :<\/strong>\u00a03\u20ac Gratuit \u2013 de 6ans<br \/><strong>Tarif de groupe de + de 15 pers :\u00a0<\/strong>Adultes : 4\u20ac \u2013 Enfant : 2\u20ac<\/p>\t\t\t\t\t\t\t\t<\/div>\n\t\t\t\t<\/div>\n\t\t\t\t\t<\/div>\n\t\t<\/div>\n\t\t\t\t\t<\/div>\n\t\t<\/section>\n\t\t\t\t<section class=\"elementor-section elementor-top-section elementor-element elementor-element-ea566e4 elementor-section-boxed elementor-section-height-default elementor-section-height-default\" data-id=\"ea566e4\" data-element_type=\"section\" data-e-type=\"section\">\n\t\t\t\t\t\t<div class=\"elementor-container elementor-column-gap-default\">\n\t\t\t\t\t<div class=\"elementor-column elementor-col-25 elementor-top-column elementor-element elementor-element-ccefe9c\" data-id=\"ccefe9c\" data-element_type=\"column\" data-e-type=\"column\">\n\t\t\t<div class=\"elementor-widget-wrap elementor-element-populated\">\n\t\t\t\t\t\t<div class=\"elementor-element elementor-element-a2b7ee5 elementor-widget__width-initial elementor-widget elementor-widget-image\" data-id=\"a2b7ee5\" data-element_type=\"widget\" data-e-type=\"widget\" data-widget_type=\"image.default\">\n\t\t\t\t<div class=\"elementor-widget-container\">\n\t\t\t\t\t\t\t\t\t\t\t\t\t\t\t<img decoding=\"async\" width=\"640\" height=\"427\" src=\"https:\/\/arlanc.fr\/musee-de-la-dentelle\/wp-content\/uploads\/2022\/04\/unnamed-1.jpg\" class=\"attachment-large size-large wp-image-17\" alt=\"\" srcset=\"https:\/\/arlanc.fr\/musee-de-la-dentelle\/wp-content\/uploads\/2022\/04\/unnamed-1.jpg 640w, https:\/\/arlanc.fr\/musee-de-la-dentelle\/wp-content\/uploads\/2022\/04\/unnamed-1-300x200.jpg 300w\" sizes=\"(max-width: 640px) 100vw, 640px\" \/>\t\t\t\t\t\t\t\t\t\t\t\t\t\t\t<\/div>\n\t\t\t\t<\/div>\n\t\t\t\t\t<\/div>\n\t\t<\/div>\n\t\t\t\t<div class=\"elementor-column elementor-col-25 elementor-top-column elementor-element elementor-element-566bdae\" data-id=\"566bdae\" data-element_type=\"column\" data-e-type=\"column\">\n\t\t\t<div class=\"elementor-widget-wrap elementor-element-populated\">\n\t\t\t\t\t\t<div class=\"elementor-element elementor-element-8cf89b5 elementor-widget elementor-widget-image\" data-id=\"8cf89b5\" data-element_type=\"widget\" data-e-type=\"widget\" data-widget_type=\"image.default\">\n\t\t\t\t<div class=\"elementor-widget-container\">\n\t\t\t\t\t\t\t\t\t\t\t\t\t\t\t<img decoding=\"async\" width=\"300\" height=\"300\" src=\"https:\/\/arlanc.fr\/musee-de-la-dentelle\/wp-content\/uploads\/2022\/04\/Musee-de-la-dentelle-HD-22-300x300-1.jpg\" class=\"attachment-large size-large wp-image-33\" alt=\"\" srcset=\"https:\/\/arlanc.fr\/musee-de-la-dentelle\/wp-content\/uploads\/2022\/04\/Musee-de-la-dentelle-HD-22-300x300-1.jpg 300w, https:\/\/arlanc.fr\/musee-de-la-dentelle\/wp-content\/uploads\/2022\/04\/Musee-de-la-dentelle-HD-22-300x300-1-150x150.jpg 150w\" sizes=\"(max-width: 300px) 100vw, 300px\" \/>\t\t\t\t\t\t\t\t\t\t\t\t\t\t\t<\/div>\n\t\t\t\t<\/div>\n\t\t\t\t\t<\/div>\n\t\t<\/div>\n\t\t\t\t<div class=\"elementor-column elementor-col-25 elementor-top-column elementor-element elementor-element-7b2351c\" data-id=\"7b2351c\" data-element_type=\"column\" data-e-type=\"column\">\n\t\t\t<div class=\"elementor-widget-wrap elementor-element-populated\">\n\t\t\t\t\t\t<div class=\"elementor-element elementor-element-1be9f20 elementor-widget elementor-widget-image\" data-id=\"1be9f20\" data-element_type=\"widget\" data-e-type=\"widget\" data-widget_type=\"image.default\">\n\t\t\t\t<div class=\"elementor-widget-container\">\n\t\t\t\t\t\t\t\t\t\t\t\t\t\t\t<img loading=\"lazy\" decoding=\"async\" width=\"1024\" height=\"577\" src=\"https:\/\/arlanc.fr\/musee-de-la-dentelle\/wp-content\/uploads\/2024\/07\/20240724_164124-1024x577.jpg\" class=\"attachment-large size-large wp-image-567\" alt=\"\" srcset=\"https:\/\/arlanc.fr\/musee-de-la-dentelle\/wp-content\/uploads\/2024\/07\/20240724_164124-1024x577.jpg 1024w, https:\/\/arlanc.fr\/musee-de-la-dentelle\/wp-content\/uploads\/2024\/07\/20240724_164124-300x169.jpg 300w, https:\/\/arlanc.fr\/musee-de-la-dentelle\/wp-content\/uploads\/2024\/07\/20240724_164124-768x432.jpg 768w, https:\/\/arlanc.fr\/musee-de-la-dentelle\/wp-content\/uploads\/2024\/07\/20240724_164124-1536x865.jpg 1536w, https:\/\/arlanc.fr\/musee-de-la-dentelle\/wp-content\/uploads\/2024\/07\/20240724_164124-2048x1153.jpg 2048w\" sizes=\"(max-width: 1024px) 100vw, 1024px\" \/>\t\t\t\t\t\t\t\t\t\t\t\t\t\t\t<\/div>\n\t\t\t\t<\/div>\n\t\t\t\t\t<\/div>\n\t\t<\/div>\n\t\t\t\t<div class=\"elementor-column elementor-col-25 elementor-top-column elementor-element elementor-element-2c7a700\" data-id=\"2c7a700\" data-element_type=\"column\" data-e-type=\"column\">\n\t\t\t<div class=\"elementor-widget-wrap elementor-element-populated\">\n\t\t\t\t\t\t<div class=\"elementor-element elementor-element-de4e15f elementor-widget elementor-widget-image\" data-id=\"de4e15f\" data-element_type=\"widget\" data-e-type=\"widget\" data-widget_type=\"image.default\">\n\t\t\t\t<div class=\"elementor-widget-container\">\n\t\t\t\t\t\t\t\t\t\t\t\t\t\t\t<img loading=\"lazy\" decoding=\"async\" width=\"300\" height=\"300\" src=\"https:\/\/arlanc.fr\/musee-de-la-dentelle\/wp-content\/uploads\/2022\/04\/Musee-de-la-dentelle-HD-7-300x300-1.jpg\" class=\"attachment-large size-large wp-image-37\" alt=\"\" srcset=\"https:\/\/arlanc.fr\/musee-de-la-dentelle\/wp-content\/uploads\/2022\/04\/Musee-de-la-dentelle-HD-7-300x300-1.jpg 300w, https:\/\/arlanc.fr\/musee-de-la-dentelle\/wp-content\/uploads\/2022\/04\/Musee-de-la-dentelle-HD-7-300x300-1-150x150.jpg 150w\" sizes=\"(max-width: 300px) 100vw, 300px\" \/>\t\t\t\t\t\t\t\t\t\t\t\t\t\t\t<\/div>\n\t\t\t\t<\/div>\n\t\t\t\t\t<\/div>\n\t\t<\/div>\n\t\t\t\t\t<\/div>\n\t\t<\/section>\n\t\t\t\t<\/div>\n\t\t","protected":false},"excerpt":{"rendered":"<p>Le Mus\u00e9e de la Dentelle Le mus\u00e9e Mus\u00e9e qui invite \u00e0 la d\u00e9couverte de la dentelle \u00e0 la main. Un lieu d\u2019accueil riche en explications techniques qui familiarise les visiteurs au travail au fuseau ou \u00e0 l\u2019aiguille, sp\u00e9cialit\u00e9 Arlancoise. 3 salles d\u2019exposition pr\u00e9sentent la qualit\u00e9 et la vari\u00e9t\u00e9 des produits dentelliers ainsi que la denteli\u00e8re [&hellip;]<\/p>\n","protected":false},"author":1,"featured_media":0,"parent":0,"menu_order":0,"comment_status":"closed","ping_status":"closed","template":"page-templates\/fullwidth-without-title.php","meta":{"footnotes":""},"class_list":["post-13","page","type-page","status-publish","hentry"],"yoast_head":"<!-- This site is optimized with the Yoast SEO plugin v18.6 - https:\/\/yoast.com\/wordpress\/plugins\/seo\/ -->\n<title>Accueil - Le Mus\u00e9e de la Dentelle d&#039;Arlanc<\/title>\n<meta name=\"robots\" content=\"index, follow, max-snippet:-1, max-image-preview:large, max-video-preview:-1\" \/>\n<link rel=\"canonical\" href=\"https:\/\/arlanc.fr\/musee-de-la-dentelle\/\" \/>\n<meta property=\"og:locale\" content=\"fr_FR\" \/>\n<meta property=\"og:type\" content=\"article\" \/>\n<meta property=\"og:title\" content=\"Accueil - Le Mus\u00e9e de la Dentelle d&#039;Arlanc\" \/>\n<meta property=\"og:description\" content=\"Le Mus\u00e9e de la Dentelle Le mus\u00e9e Mus\u00e9e qui invite \u00e0 la d\u00e9couverte de la dentelle \u00e0 la main. Un lieu d\u2019accueil riche en explications techniques qui familiarise les visiteurs au travail au fuseau ou \u00e0 l\u2019aiguille, sp\u00e9cialit\u00e9 Arlancoise. 3 salles d\u2019exposition pr\u00e9sentent la qualit\u00e9 et la vari\u00e9t\u00e9 des produits dentelliers ainsi que la denteli\u00e8re [&hellip;]\" \/>\n<meta property=\"og:url\" content=\"https:\/\/arlanc.fr\/musee-de-la-dentelle\/\" \/>\n<meta property=\"og:site_name\" content=\"Le Mus\u00e9e de la Dentelle d&#039;Arlanc\" \/>\n<meta property=\"article:modified_time\" content=\"2024-09-07T13:10:23+00:00\" \/>\n<meta property=\"og:image\" content=\"http:\/\/arlanc.fr\/musee-de-la-dentelle\/wp-content\/uploads\/2024\/07\/20240723_112215-scaled.jpg\" \/>\n<meta name=\"twitter:card\" content=\"summary_large_image\" \/>\n<meta name=\"twitter:label1\" content=\"Dur\u00e9e de lecture estim\u00e9e\" \/>\n\t<meta name=\"twitter:data1\" content=\"2 minutes\" \/>\n<script type=\"application\/ld+json\" class=\"yoast-schema-graph\">{\"@context\":\"https:\/\/schema.org\",\"@graph\":[{\"@type\":\"WebSite\",\"@id\":\"https:\/\/arlanc.fr\/musee-de-la-dentelle\/#website\",\"url\":\"https:\/\/arlanc.fr\/musee-de-la-dentelle\/\",\"name\":\"Le Mus\u00e9e de la Dentelle d&#039;Arlanc\",\"description\":\"La dentelle aux fuseaux a \u00e9t\u00e9 cr\u00e9\u00e9e pour donner un aspect d\u00e9coratif aux bords des v\u00eatements en Italie puis en Flandres. La France en a import\u00e9 avant que Colbert en interdise l\u2019importation et fonde les manufactures royales (Alen\u00e7on, Chantilly\u2026)\",\"potentialAction\":[{\"@type\":\"SearchAction\",\"target\":{\"@type\":\"EntryPoint\",\"urlTemplate\":\"https:\/\/arlanc.fr\/musee-de-la-dentelle\/?s={search_term_string}\"},\"query-input\":\"required name=search_term_string\"}],\"inLanguage\":\"fr-FR\"},{\"@type\":\"ImageObject\",\"@id\":\"https:\/\/arlanc.fr\/musee-de-la-dentelle\/#primaryimage\",\"inLanguage\":\"fr-FR\",\"url\":\"https:\/\/arlanc.fr\/musee-de-la-dentelle\/wp-content\/uploads\/2024\/07\/20240723_112215-scaled.jpg\",\"contentUrl\":\"https:\/\/arlanc.fr\/musee-de-la-dentelle\/wp-content\/uploads\/2024\/07\/20240723_112215-scaled.jpg\",\"width\":2560,\"height\":1961},{\"@type\":\"WebPage\",\"@id\":\"https:\/\/arlanc.fr\/musee-de-la-dentelle\/#webpage\",\"url\":\"https:\/\/arlanc.fr\/musee-de-la-dentelle\/\",\"name\":\"Accueil - Le Mus\u00e9e de la Dentelle d&#039;Arlanc\",\"isPartOf\":{\"@id\":\"https:\/\/arlanc.fr\/musee-de-la-dentelle\/#website\"},\"primaryImageOfPage\":{\"@id\":\"https:\/\/arlanc.fr\/musee-de-la-dentelle\/#primaryimage\"},\"datePublished\":\"2022-04-03T18:14:18+00:00\",\"dateModified\":\"2024-09-07T13:10:23+00:00\",\"breadcrumb\":{\"@id\":\"https:\/\/arlanc.fr\/musee-de-la-dentelle\/#breadcrumb\"},\"inLanguage\":\"fr-FR\",\"potentialAction\":[{\"@type\":\"ReadAction\",\"target\":[\"https:\/\/arlanc.fr\/musee-de-la-dentelle\/\"]}]},{\"@type\":\"BreadcrumbList\",\"@id\":\"https:\/\/arlanc.fr\/musee-de-la-dentelle\/#breadcrumb\",\"itemListElement\":[{\"@type\":\"ListItem\",\"position\":1,\"name\":\"Accueil\",\"item\":\"https:\/\/arlanc.fr\/musee-de-la-dentelle\/\"},{\"@type\":\"ListItem\",\"position\":2,\"name\":\"Accueil\"}]}]}<\/script>\n<!-- \/ Yoast SEO plugin. -->","yoast_head_json":{"title":"Accueil - Le Mus\u00e9e de la Dentelle d&#039;Arlanc","robots":{"index":"index","follow":"follow","max-snippet":"max-snippet:-1","max-image-preview":"max-image-preview:large","max-video-preview":"max-video-preview:-1"},"canonical":"https:\/\/arlanc.fr\/musee-de-la-dentelle\/","og_locale":"fr_FR","og_type":"article","og_title":"Accueil - Le Mus\u00e9e de la Dentelle d&#039;Arlanc","og_description":"Le Mus\u00e9e de la Dentelle Le mus\u00e9e Mus\u00e9e qui invite \u00e0 la d\u00e9couverte de la dentelle \u00e0 la main. Un lieu d\u2019accueil riche en explications techniques qui familiarise les visiteurs au travail au fuseau ou \u00e0 l\u2019aiguille, sp\u00e9cialit\u00e9 Arlancoise. 3 salles d\u2019exposition pr\u00e9sentent la qualit\u00e9 et la vari\u00e9t\u00e9 des produits dentelliers ainsi que la denteli\u00e8re [&hellip;]","og_url":"https:\/\/arlanc.fr\/musee-de-la-dentelle\/","og_site_name":"Le Mus\u00e9e de la Dentelle d&#039;Arlanc","article_modified_time":"2024-09-07T13:10:23+00:00","og_image":[{"url":"http:\/\/arlanc.fr\/musee-de-la-dentelle\/wp-content\/uploads\/2024\/07\/20240723_112215-scaled.jpg"}],"twitter_card":"summary_large_image","twitter_misc":{"Dur\u00e9e de lecture estim\u00e9e":"2 minutes"},"schema":{"@context":"https:\/\/schema.org","@graph":[{"@type":"WebSite","@id":"https:\/\/arlanc.fr\/musee-de-la-dentelle\/#website","url":"https:\/\/arlanc.fr\/musee-de-la-dentelle\/","name":"Le Mus\u00e9e de la Dentelle d&#039;Arlanc","description":"La dentelle aux fuseaux a \u00e9t\u00e9 cr\u00e9\u00e9e pour donner un aspect d\u00e9coratif aux bords des v\u00eatements en Italie puis en Flandres. La France en a import\u00e9 avant que Colbert en interdise l\u2019importation et fonde les manufactures royales (Alen\u00e7on, Chantilly\u2026)","potentialAction":[{"@type":"SearchAction","target":{"@type":"EntryPoint","urlTemplate":"https:\/\/arlanc.fr\/musee-de-la-dentelle\/?s={search_term_string}"},"query-input":"required name=search_term_string"}],"inLanguage":"fr-FR"},{"@type":"ImageObject","@id":"https:\/\/arlanc.fr\/musee-de-la-dentelle\/#primaryimage","inLanguage":"fr-FR","url":"https:\/\/arlanc.fr\/musee-de-la-dentelle\/wp-content\/uploads\/2024\/07\/20240723_112215-scaled.jpg","contentUrl":"https:\/\/arlanc.fr\/musee-de-la-dentelle\/wp-content\/uploads\/2024\/07\/20240723_112215-scaled.jpg","width":2560,"height":1961},{"@type":"WebPage","@id":"https:\/\/arlanc.fr\/musee-de-la-dentelle\/#webpage","url":"https:\/\/arlanc.fr\/musee-de-la-dentelle\/","name":"Accueil - Le Mus\u00e9e de la Dentelle d&#039;Arlanc","isPartOf":{"@id":"https:\/\/arlanc.fr\/musee-de-la-dentelle\/#website"},"primaryImageOfPage":{"@id":"https:\/\/arlanc.fr\/musee-de-la-dentelle\/#primaryimage"},"datePublished":"2022-04-03T18:14:18+00:00","dateModified":"2024-09-07T13:10:23+00:00","breadcrumb":{"@id":"https:\/\/arlanc.fr\/musee-de-la-dentelle\/#breadcrumb"},"inLanguage":"fr-FR","potentialAction":[{"@type":"ReadAction","target":["https:\/\/arlanc.fr\/musee-de-la-dentelle\/"]}]},{"@type":"BreadcrumbList","@id":"https:\/\/arlanc.fr\/musee-de-la-dentelle\/#breadcrumb","itemListElement":[{"@type":"ListItem","position":1,"name":"Accueil","item":"https:\/\/arlanc.fr\/musee-de-la-dentelle\/"},{"@type":"ListItem","position":2,"name":"Accueil"}]}]}},"_links":{"self":[{"href":"https:\/\/arlanc.fr\/musee-de-la-dentelle\/wp-json\/wp\/v2\/pages\/13","targetHints":{"allow":["GET"]}}],"collection":[{"href":"https:\/\/arlanc.fr\/musee-de-la-dentelle\/wp-json\/wp\/v2\/pages"}],"about":[{"href":"https:\/\/arlanc.fr\/musee-de-la-dentelle\/wp-json\/wp\/v2\/types\/page"}],"author":[{"embeddable":true,"href":"https:\/\/arlanc.fr\/musee-de-la-dentelle\/wp-json\/wp\/v2\/users\/1"}],"replies":[{"embeddable":true,"href":"https:\/\/arlanc.fr\/musee-de-la-dentelle\/wp-json\/wp\/v2\/comments?post=13"}],"version-history":[{"count":96,"href":"https:\/\/arlanc.fr\/musee-de-la-dentelle\/wp-json\/wp\/v2\/pages\/13\/revisions"}],"predecessor-version":[{"id":592,"href":"https:\/\/arlanc.fr\/musee-de-la-dentelle\/wp-json\/wp\/v2\/pages\/13\/revisions\/592"}],"wp:attachment":[{"href":"https:\/\/arlanc.fr\/musee-de-la-dentelle\/wp-json\/wp\/v2\/media?parent=13"}],"curies":[{"name":"wp","href":"https:\/\/api.w.org\/{rel}","templated":true}]}}