{"id":129,"date":"2022-04-05T21:16:20","date_gmt":"2022-04-05T19:16:20","guid":{"rendered":"http:\/\/arlanc.dbegon.fr\/musee-de-la-dentelle\/?page_id=129"},"modified":"2024-09-07T15:09:41","modified_gmt":"2024-09-07T13:09:41","slug":"musee-de-la-dentelle-d-arlanc","status":"publish","type":"page","link":"https:\/\/arlanc.fr\/musee-de-la-dentelle\/musee-de-la-dentelle-d-arlanc\/","title":{"rendered":"Mus\u00e9e de la dentelle d&rsquo;Arlanc"},"content":{"rendered":"\t\t<div data-elementor-type=\"wp-page\" data-elementor-id=\"129\" class=\"elementor elementor-129\">\n\t\t\t\t\t\t<section class=\"elementor-section elementor-top-section elementor-element elementor-element-326725a elementor-section-boxed elementor-section-height-default elementor-section-height-default\" data-id=\"326725a\" data-element_type=\"section\" data-e-type=\"section\">\n\t\t\t\t\t\t<div class=\"elementor-container elementor-column-gap-default\">\n\t\t\t\t\t<div class=\"elementor-column elementor-col-50 elementor-top-column elementor-element elementor-element-1a0cd8b\" data-id=\"1a0cd8b\" data-element_type=\"column\" data-e-type=\"column\">\n\t\t\t<div class=\"elementor-widget-wrap elementor-element-populated\">\n\t\t\t\t\t\t<div class=\"elementor-element elementor-element-b1f87c3 elementor-drop-cap-yes elementor-drop-cap-view-default elementor-widget elementor-widget-text-editor\" data-id=\"b1f87c3\" data-element_type=\"widget\" data-e-type=\"widget\" data-settings=\"{&quot;drop_cap&quot;:&quot;yes&quot;}\" data-widget_type=\"text-editor.default\">\n\t\t\t\t<div class=\"elementor-widget-container\">\n\t\t\t\t\t\t\t\t\t<p>De la dentelle \u00e0 la main du XVIe si\u00e8cle \u00e0 l&rsquo;industrie dentelli\u00e8re contemporaine, d\u00e9couvrez les savoir-faire de ce patrimoine t\u00e9moin de notre histoire. Le mus\u00e9e de la dentelle d&rsquo;Arlanc offre aux publics une immersion dans le monde tout aussi m\u00e9connu qu&rsquo;extraordinaire de l&rsquo;art dentellier.<\/p>\t\t\t\t\t\t\t\t<\/div>\n\t\t\t\t<\/div>\n\t\t\t\t<div class=\"elementor-element elementor-element-987ea61 elementor-drop-cap-yes elementor-drop-cap-view-default elementor-widget elementor-widget-text-editor\" data-id=\"987ea61\" data-element_type=\"widget\" data-e-type=\"widget\" data-settings=\"{&quot;drop_cap&quot;:&quot;yes&quot;}\" data-widget_type=\"text-editor.default\">\n\t\t\t\t<div class=\"elementor-widget-container\">\n\t\t\t\t\t\t\t\t\t<p><span style=\"color: #808080;\">Le mus\u00e9e de la dentelle \u00e0 la main : une visite au c\u0153ur de notre patrimoine o\u00f9 l&rsquo;histoire de la dentelle nous est cont\u00e9e. Quatre salles d&rsquo;exposition, un documentaire audiovisuel, des visites guid\u00e9es invitent le visiteur \u00e0 la d\u00e9couverte des techniques de la dentelle aux fuseaux et \u00e0 l&rsquo;aiguille, sp\u00e9cificit\u00e9 arlancoise.<\/span><\/p>\n<p>Visite virtuelle avec France Bournet :&nbsp;<a href=\"https:\/\/youtu.be\/16eOGENeTSc\" target=\"_blank\" rel=\"noopener noreferrer\" data-auth=\"NotApplicable\" data-linkindex=\"0\" id=\"LPlnk401605\" style=\"background-color: rgb(255, 255, 255); letter-spacing: var( --e-global-typography-043976a-letter-spacing ); word-spacing: var( --e-global-typography-043976a-word-spacing ); margin: 0px; padding: 0px; border: 0px; font-family: &quot;Segoe UI&quot;, &quot;Segoe UI Web (West European)&quot;, &quot;Segoe UI&quot;, -apple-system, BlinkMacSystemFont, Roboto, &quot;Helvetica Neue&quot;, sans-serif; font-size: 14.6667px; font-stretch: inherit; line-height: inherit; vertical-align: baseline; text-size-adjust: auto;\">https:\/\/youtu.be\/16eOGENeTSc<\/a><\/p>\t\t\t\t\t\t\t\t<\/div>\n\t\t\t\t<\/div>\n\t\t\t\t\t<\/div>\n\t\t<\/div>\n\t\t\t\t<div class=\"elementor-column elementor-col-50 elementor-top-column elementor-element elementor-element-2446101\" data-id=\"2446101\" data-element_type=\"column\" data-e-type=\"column\">\n\t\t\t<div class=\"elementor-widget-wrap elementor-element-populated\">\n\t\t\t\t\t\t<div class=\"elementor-element elementor-element-7c9ab52 elementor-invisible elementor-widget elementor-widget-image\" data-id=\"7c9ab52\" data-element_type=\"widget\" data-e-type=\"widget\" data-settings=\"{&quot;_animation&quot;:&quot;fadeInLeft&quot;}\" data-widget_type=\"image.default\">\n\t\t\t\t<div class=\"elementor-widget-container\">\n\t\t\t\t\t\t\t\t\t\t\t\t\t\t\t<img fetchpriority=\"high\" decoding=\"async\" width=\"1024\" height=\"473\" src=\"https:\/\/arlanc.fr\/musee-de-la-dentelle\/wp-content\/uploads\/2024\/07\/20240723_110818-1024x473.jpg\" class=\"attachment-large size-large wp-image-536\" alt=\"\" srcset=\"https:\/\/arlanc.fr\/musee-de-la-dentelle\/wp-content\/uploads\/2024\/07\/20240723_110818-1024x473.jpg 1024w, https:\/\/arlanc.fr\/musee-de-la-dentelle\/wp-content\/uploads\/2024\/07\/20240723_110818-300x139.jpg 300w, https:\/\/arlanc.fr\/musee-de-la-dentelle\/wp-content\/uploads\/2024\/07\/20240723_110818-768x355.jpg 768w, https:\/\/arlanc.fr\/musee-de-la-dentelle\/wp-content\/uploads\/2024\/07\/20240723_110818-1536x709.jpg 1536w, https:\/\/arlanc.fr\/musee-de-la-dentelle\/wp-content\/uploads\/2024\/07\/20240723_110818-2048x946.jpg 2048w\" sizes=\"(max-width: 1024px) 100vw, 1024px\" \/>\t\t\t\t\t\t\t\t\t\t\t\t\t\t\t<\/div>\n\t\t\t\t<\/div>\n\t\t\t\t\t<\/div>\n\t\t<\/div>\n\t\t\t\t\t<\/div>\n\t\t<\/section>\n\t\t\t\t<section class=\"elementor-section elementor-top-section elementor-element elementor-element-7edbc68 elementor-section-boxed elementor-section-height-default elementor-section-height-default\" data-id=\"7edbc68\" data-element_type=\"section\" data-e-type=\"section\">\n\t\t\t\t\t\t<div class=\"elementor-container elementor-column-gap-default\">\n\t\t\t\t\t<div class=\"elementor-column elementor-col-50 elementor-top-column elementor-element elementor-element-75c2777\" data-id=\"75c2777\" data-element_type=\"column\" data-e-type=\"column\">\n\t\t\t<div class=\"elementor-widget-wrap elementor-element-populated\">\n\t\t\t\t\t\t<div class=\"elementor-element elementor-element-082c190 elementor-invisible elementor-widget elementor-widget-image\" data-id=\"082c190\" data-element_type=\"widget\" data-e-type=\"widget\" data-settings=\"{&quot;_animation&quot;:&quot;fadeInRight&quot;}\" data-widget_type=\"image.default\">\n\t\t\t\t<div class=\"elementor-widget-container\">\n\t\t\t\t\t\t\t\t\t\t\t\t\t\t\t<img decoding=\"async\" width=\"1024\" height=\"588\" src=\"https:\/\/arlanc.fr\/musee-de-la-dentelle\/wp-content\/uploads\/2024\/06\/Compresse-1024x588.jpg\" class=\"attachment-large size-large wp-image-501\" alt=\"\" srcset=\"https:\/\/arlanc.fr\/musee-de-la-dentelle\/wp-content\/uploads\/2024\/06\/Compresse-1024x588.jpg 1024w, https:\/\/arlanc.fr\/musee-de-la-dentelle\/wp-content\/uploads\/2024\/06\/Compresse-300x172.jpg 300w, https:\/\/arlanc.fr\/musee-de-la-dentelle\/wp-content\/uploads\/2024\/06\/Compresse-768x441.jpg 768w, https:\/\/arlanc.fr\/musee-de-la-dentelle\/wp-content\/uploads\/2024\/06\/Compresse-1536x883.jpg 1536w, https:\/\/arlanc.fr\/musee-de-la-dentelle\/wp-content\/uploads\/2024\/06\/Compresse-2048x1177.jpg 2048w\" sizes=\"(max-width: 1024px) 100vw, 1024px\" \/>\t\t\t\t\t\t\t\t\t\t\t\t\t\t\t<\/div>\n\t\t\t\t<\/div>\n\t\t\t\t\t<\/div>\n\t\t<\/div>\n\t\t\t\t<div class=\"elementor-column elementor-col-50 elementor-top-column elementor-element elementor-element-af24854\" data-id=\"af24854\" data-element_type=\"column\" data-e-type=\"column\">\n\t\t\t<div class=\"elementor-widget-wrap elementor-element-populated\">\n\t\t\t\t\t\t<div class=\"elementor-element elementor-element-91b45f9 elementor-drop-cap-yes elementor-drop-cap-view-default elementor-widget elementor-widget-text-editor\" data-id=\"91b45f9\" data-element_type=\"widget\" data-e-type=\"widget\" data-settings=\"{&quot;drop_cap&quot;:&quot;yes&quot;}\" data-widget_type=\"text-editor.default\">\n\t\t\t\t<div class=\"elementor-widget-container\">\n\t\t\t\t\t\t\t\t\t<p>Le mus\u00e9e de la dentelle \u00e0 la main \u00e0 Arlanc c&rsquo;est aussi<\/p><p>\u00a0<\/p><ul><li>La valorisation du patrimoine<\/li><li>La formation sous forme de stage<\/li><li>La participation par la collectivit\u00e9 \u00e0 des animations<\/li><li>Une salle d&rsquo;exposition libre pour les artistes<\/li><li>Une totale accessibilit\u00e9 aux personnes \u00e0 mobilit\u00e9 r\u00e9duite<\/li><li>Des visites olfactive du mus\u00e9e en partenariat avec une distillerie locale<\/li><li>Une\u00a0 boutique pr\u00e9sentant \u00e9galement des artisants locaux<\/li><\/ul>\t\t\t\t\t\t\t\t<\/div>\n\t\t\t\t<\/div>\n\t\t\t\t\t<\/div>\n\t\t<\/div>\n\t\t\t\t\t<\/div>\n\t\t<\/section>\n\t\t\t\t<section class=\"elementor-section elementor-top-section elementor-element elementor-element-dabca3e elementor-section-boxed elementor-section-height-default elementor-section-height-default\" data-id=\"dabca3e\" data-element_type=\"section\" data-e-type=\"section\" data-settings=\"{&quot;background_background&quot;:&quot;classic&quot;}\">\n\t\t\t\t\t\t<div class=\"elementor-container elementor-column-gap-default\">\n\t\t\t\t\t<div class=\"elementor-column elementor-col-50 elementor-top-column elementor-element elementor-element-98eb21a\" data-id=\"98eb21a\" data-element_type=\"column\" data-e-type=\"column\">\n\t\t\t<div class=\"elementor-widget-wrap elementor-element-populated\">\n\t\t\t\t\t\t<div class=\"elementor-element elementor-element-76fe8d7 elementor-widget elementor-widget-text-editor\" data-id=\"76fe8d7\" data-element_type=\"widget\" data-e-type=\"widget\" data-widget_type=\"text-editor.default\">\n\t\t\t\t<div class=\"elementor-widget-container\">\n\t\t\t\t\t\t\t\t\t<div class=\"elementor-element elementor-element-ec8c369 elementor-widget elementor-widget-heading elementor\" data-id=\"ec8c369\" data-element_type=\"widget\" data-widget_type=\"heading.default\">\n<div><strong style=\"color: var( --e-global-color-text ); font-family: var( --e-global-typography-text-font-family ), Sans-serif; font-size: var( --e-global-typography-043976a-font-size ); letter-spacing: var( --e-global-typography-043976a-letter-spacing ); word-spacing: var( --e-global-typography-043976a-word-spacing );\"><br><\/strong><\/div><div><strong style=\"color: var( --e-global-color-text ); font-family: var( --e-global-typography-text-font-family ), Sans-serif; font-size: var( --e-global-typography-043976a-font-size ); letter-spacing: var( --e-global-typography-043976a-letter-spacing ); word-spacing: var( --e-global-typography-043976a-word-spacing );\"><br><\/strong><\/div><div><strong style=\"color: var( --e-global-color-text ); font-family: var( --e-global-typography-text-font-family ), Sans-serif; font-size: var( --e-global-typography-043976a-font-size ); letter-spacing: var( --e-global-typography-043976a-letter-spacing ); word-spacing: var( --e-global-typography-043976a-word-spacing );\">Mai, juin et septembre :&nbsp;<\/strong><span style=\"color: var( --e-global-color-text ); font-family: var( --e-global-typography-text-font-family ), Sans-serif; font-weight: var( --e-global-typography-text-font-weight ); font-size: var( --e-global-typography-043976a-font-size ); letter-spacing: var( --e-global-typography-043976a-letter-spacing ); word-spacing: var( --e-global-typography-043976a-word-spacing );\">les week-ends et les jours f\u00e9ri\u00e9s de 14h \u00e0 18h.<\/span><br><\/div>\n<\/div>\n<div class=\"elementor-element elementor-element-949cc6b elementor-widget elementor-widget-text-editor elementor\" data-id=\"949cc6b\" data-element_type=\"widget\" data-widget_type=\"text-editor.default\">\n<div class=\"elementor-widget-container\">\n<p><strong>Juillet et ao\u00fbt :<\/strong>&nbsp;tous les jours de 10h30 \u00e0 12h et de 14h \u00e0 17h.&nbsp;<\/p>\n<p><em>Ouvert toute l\u2019ann\u00e9e pour les groupes sur r\u00e9servations.<\/em><\/p>\n<p><em>Tous les vendredis et samedis apr\u00e8s-midi<strong> d\u00e9monstrations de dentelle.<\/strong><\/em><\/p>\n<\/div>\n<\/div>\t\t\t\t\t\t\t\t<\/div>\n\t\t\t\t<\/div>\n\t\t\t\t\t<\/div>\n\t\t<\/div>\n\t\t\t\t<div class=\"elementor-column elementor-col-50 elementor-top-column elementor-element elementor-element-7c5d9c7\" data-id=\"7c5d9c7\" data-element_type=\"column\" data-e-type=\"column\">\n\t\t\t<div class=\"elementor-widget-wrap elementor-element-populated\">\n\t\t\t\t\t\t<div class=\"elementor-element elementor-element-376040c elementor-widget elementor-widget-image\" data-id=\"376040c\" data-element_type=\"widget\" data-e-type=\"widget\" data-widget_type=\"image.default\">\n\t\t\t\t<div class=\"elementor-widget-container\">\n\t\t\t\t\t\t\t\t\t\t\t\t\t\t\t<img decoding=\"async\" width=\"238\" height=\"300\" src=\"https:\/\/arlanc.fr\/musee-de-la-dentelle\/wp-content\/uploads\/2024\/06\/Femme-dentelle-238x300.jpg\" class=\"attachment-medium size-medium wp-image-512\" alt=\"\" srcset=\"https:\/\/arlanc.fr\/musee-de-la-dentelle\/wp-content\/uploads\/2024\/06\/Femme-dentelle-238x300.jpg 238w, https:\/\/arlanc.fr\/musee-de-la-dentelle\/wp-content\/uploads\/2024\/06\/Femme-dentelle.jpg 694w\" sizes=\"(max-width: 238px) 100vw, 238px\" \/>\t\t\t\t\t\t\t\t\t\t\t\t\t\t\t<\/div>\n\t\t\t\t<\/div>\n\t\t\t\t\t<\/div>\n\t\t<\/div>\n\t\t\t\t\t<\/div>\n\t\t<\/section>\n\t\t\t\t<section class=\"elementor-section elementor-top-section elementor-element elementor-element-194045b elementor-section-boxed elementor-section-height-default elementor-section-height-default\" data-id=\"194045b\" data-element_type=\"section\" data-e-type=\"section\">\n\t\t\t\t\t\t<div class=\"elementor-container elementor-column-gap-default\">\n\t\t\t\t\t<div class=\"elementor-column elementor-col-50 elementor-top-column elementor-element elementor-element-8b656fc\" data-id=\"8b656fc\" data-element_type=\"column\" data-e-type=\"column\">\n\t\t\t<div class=\"elementor-widget-wrap elementor-element-populated\">\n\t\t\t\t\t\t<div class=\"elementor-element elementor-element-4bc7e5c elementor-shape-rounded elementor-grid-0 e-grid-align-center elementor-widget elementor-widget-social-icons\" data-id=\"4bc7e5c\" data-element_type=\"widget\" data-e-type=\"widget\" data-widget_type=\"social-icons.default\">\n\t\t\t\t<div class=\"elementor-widget-container\">\n\t\t\t\t\t\t\t<div class=\"elementor-social-icons-wrapper elementor-grid\" role=\"list\">\n\t\t\t\t\t\t\t<span class=\"elementor-grid-item\" role=\"listitem\">\n\t\t\t\t\t<a class=\"elementor-icon elementor-social-icon elementor-social-icon-facebook elementor-repeater-item-52eedfc\" href=\"https:\/\/fr-fr.facebook.com\/musee.dentelle.arlanc\/\" target=\"_blank\">\n\t\t\t\t\t\t<span class=\"elementor-screen-only\">Facebook<\/span>\n\t\t\t\t\t\t<i aria-hidden=\"true\" class=\"fab fa-facebook\"><\/i>\t\t\t\t\t<\/a>\n\t\t\t\t<\/span>\n\t\t\t\t\t\t\t<span class=\"elementor-grid-item\" role=\"listitem\">\n\t\t\t\t\t<a class=\"elementor-icon elementor-social-icon elementor-social-icon-instagram elementor-repeater-item-1eb7a9e\" href=\"https:\/\/www.instagram.com\/museedeladentelle\" target=\"_blank\">\n\t\t\t\t\t\t<span class=\"elementor-screen-only\">Instagram<\/span>\n\t\t\t\t\t\t<i aria-hidden=\"true\" class=\"fab fa-instagram\"><\/i>\t\t\t\t\t<\/a>\n\t\t\t\t<\/span>\n\t\t\t\t\t<\/div>\n\t\t\t\t\t\t<\/div>\n\t\t\t\t<\/div>\n\t\t\t\t\t<\/div>\n\t\t<\/div>\n\t\t\t\t<div class=\"elementor-column elementor-col-50 elementor-top-column elementor-element elementor-element-f420f8c\" data-id=\"f420f8c\" data-element_type=\"column\" data-e-type=\"column\">\n\t\t\t<div class=\"elementor-widget-wrap elementor-element-populated\">\n\t\t\t\t\t\t<div class=\"elementor-element elementor-element-cd79d7b elementor-widget elementor-widget-text-editor\" data-id=\"cd79d7b\" data-element_type=\"widget\" data-e-type=\"widget\" data-widget_type=\"text-editor.default\">\n\t\t\t\t<div class=\"elementor-widget-container\">\n\t\t\t\t\t\t\t\t\t<p><strong>Adultes :<\/strong>\u00a05\u20ac<br \/><strong>Enfants ( jusqu&rsquo;\u00e0 16 ans) :<\/strong> 3\u20ac (gratuit pour les\u00a0 moins de 6ans)<br \/><strong>Tarif de groupe de (+ de 15 pers) : <\/strong>Adultes : 4\u20ac \u2013 Enfant : 2\u20ac<\/p>\t\t\t\t\t\t\t\t<\/div>\n\t\t\t\t<\/div>\n\t\t\t\t\t<\/div>\n\t\t<\/div>\n\t\t\t\t\t<\/div>\n\t\t<\/section>\n\t\t\t\t<\/div>\n\t\t","protected":false},"excerpt":{"rendered":"<p>De la dentelle \u00e0 la main du XVIe si\u00e8cle \u00e0 l&rsquo;industrie dentelli\u00e8re contemporaine, d\u00e9couvrez les savoir-faire de ce patrimoine t\u00e9moin de notre histoire. Le mus\u00e9e de la dentelle d&rsquo;Arlanc offre aux publics une immersion dans le monde tout aussi m\u00e9connu qu&rsquo;extraordinaire de l&rsquo;art dentellier. Le mus\u00e9e de la dentelle \u00e0 la main : une visite [&hellip;]<\/p>\n","protected":false},"author":1,"featured_media":151,"parent":0,"menu_order":0,"comment_status":"closed","ping_status":"closed","template":"page-templates\/default-without-title.php","meta":{"footnotes":""},"class_list":["post-129","page","type-page","status-publish","has-post-thumbnail","hentry"],"yoast_head":"<!-- This site is optimized with the Yoast SEO plugin v18.6 - https:\/\/yoast.com\/wordpress\/plugins\/seo\/ -->\n<title>Mus\u00e9e de la dentelle d&#039;Arlanc - Le Mus\u00e9e de la Dentelle d&#039;Arlanc<\/title>\n<meta name=\"description\" content=\"l&#039;H\u00f4tel de Ville d&#039;Arlanc abritent le Mus\u00e9e de la Dentelle. Ses riches collections, ses expositions en font un lieux incontournable\" \/>\n<meta name=\"robots\" content=\"index, follow, max-snippet:-1, max-image-preview:large, max-video-preview:-1\" \/>\n<link rel=\"canonical\" href=\"https:\/\/arlanc.fr\/musee-de-la-dentelle\/musee-de-la-dentelle-d-arlanc\/\" \/>\n<meta property=\"og:locale\" content=\"fr_FR\" \/>\n<meta property=\"og:type\" content=\"article\" \/>\n<meta property=\"og:title\" content=\"Mus\u00e9e de la dentelle d&#039;Arlanc - Le Mus\u00e9e de la Dentelle d&#039;Arlanc\" \/>\n<meta property=\"og:description\" content=\"l&#039;H\u00f4tel de Ville d&#039;Arlanc abritent le Mus\u00e9e de la Dentelle. Ses riches collections, ses expositions en font un lieux incontournable\" \/>\n<meta property=\"og:url\" content=\"https:\/\/arlanc.fr\/musee-de-la-dentelle\/musee-de-la-dentelle-d-arlanc\/\" \/>\n<meta property=\"og:site_name\" content=\"Le Mus\u00e9e de la Dentelle d&#039;Arlanc\" \/>\n<meta property=\"article:modified_time\" content=\"2024-09-07T13:09:41+00:00\" \/>\n<meta property=\"og:image\" content=\"http:\/\/arlanc.fr\/musee-de-la-dentelle\/wp-content\/uploads\/2022\/04\/dentelle.jpg\" \/>\n\t<meta property=\"og:image:width\" content=\"900\" \/>\n\t<meta property=\"og:image:height\" content=\"472\" \/>\n\t<meta property=\"og:image:type\" content=\"image\/jpeg\" \/>\n<meta name=\"twitter:card\" content=\"summary_large_image\" \/>\n<meta name=\"twitter:label1\" content=\"Dur\u00e9e de lecture estim\u00e9e\" \/>\n\t<meta name=\"twitter:data1\" content=\"3 minutes\" \/>\n<script type=\"application\/ld+json\" class=\"yoast-schema-graph\">{\"@context\":\"https:\/\/schema.org\",\"@graph\":[{\"@type\":\"WebSite\",\"@id\":\"https:\/\/arlanc.fr\/musee-de-la-dentelle\/#website\",\"url\":\"https:\/\/arlanc.fr\/musee-de-la-dentelle\/\",\"name\":\"Le Mus\u00e9e de la Dentelle d&#039;Arlanc\",\"description\":\"La dentelle aux fuseaux a \u00e9t\u00e9 cr\u00e9\u00e9e pour donner un aspect d\u00e9coratif aux bords des v\u00eatements en Italie puis en Flandres. La France en a import\u00e9 avant que Colbert en interdise l\u2019importation et fonde les manufactures royales (Alen\u00e7on, Chantilly\u2026)\",\"potentialAction\":[{\"@type\":\"SearchAction\",\"target\":{\"@type\":\"EntryPoint\",\"urlTemplate\":\"https:\/\/arlanc.fr\/musee-de-la-dentelle\/?s={search_term_string}\"},\"query-input\":\"required name=search_term_string\"}],\"inLanguage\":\"fr-FR\"},{\"@type\":\"ImageObject\",\"@id\":\"https:\/\/arlanc.fr\/musee-de-la-dentelle\/musee-de-la-dentelle-d-arlanc\/#primaryimage\",\"inLanguage\":\"fr-FR\",\"url\":\"https:\/\/arlanc.fr\/musee-de-la-dentelle\/wp-content\/uploads\/2022\/04\/dentelle.jpg\",\"contentUrl\":\"https:\/\/arlanc.fr\/musee-de-la-dentelle\/wp-content\/uploads\/2022\/04\/dentelle.jpg\",\"width\":900,\"height\":472},{\"@type\":\"WebPage\",\"@id\":\"https:\/\/arlanc.fr\/musee-de-la-dentelle\/musee-de-la-dentelle-d-arlanc\/#webpage\",\"url\":\"https:\/\/arlanc.fr\/musee-de-la-dentelle\/musee-de-la-dentelle-d-arlanc\/\",\"name\":\"Mus\u00e9e de la dentelle d'Arlanc - Le Mus\u00e9e de la Dentelle d&#039;Arlanc\",\"isPartOf\":{\"@id\":\"https:\/\/arlanc.fr\/musee-de-la-dentelle\/#website\"},\"primaryImageOfPage\":{\"@id\":\"https:\/\/arlanc.fr\/musee-de-la-dentelle\/musee-de-la-dentelle-d-arlanc\/#primaryimage\"},\"datePublished\":\"2022-04-05T19:16:20+00:00\",\"dateModified\":\"2024-09-07T13:09:41+00:00\",\"description\":\"l'H\u00f4tel de Ville d'Arlanc abritent le Mus\u00e9e de la Dentelle. Ses riches collections, ses expositions en font un lieux incontournable\",\"breadcrumb\":{\"@id\":\"https:\/\/arlanc.fr\/musee-de-la-dentelle\/musee-de-la-dentelle-d-arlanc\/#breadcrumb\"},\"inLanguage\":\"fr-FR\",\"potentialAction\":[{\"@type\":\"ReadAction\",\"target\":[\"https:\/\/arlanc.fr\/musee-de-la-dentelle\/musee-de-la-dentelle-d-arlanc\/\"]}]},{\"@type\":\"BreadcrumbList\",\"@id\":\"https:\/\/arlanc.fr\/musee-de-la-dentelle\/musee-de-la-dentelle-d-arlanc\/#breadcrumb\",\"itemListElement\":[{\"@type\":\"ListItem\",\"position\":1,\"name\":\"Accueil\",\"item\":\"https:\/\/arlanc.fr\/musee-de-la-dentelle\/\"},{\"@type\":\"ListItem\",\"position\":2,\"name\":\"Mus\u00e9e de la dentelle d&rsquo;Arlanc\"}]}]}<\/script>\n<!-- \/ Yoast SEO plugin. -->","yoast_head_json":{"title":"Mus\u00e9e de la dentelle d'Arlanc - Le Mus\u00e9e de la Dentelle d&#039;Arlanc","description":"l'H\u00f4tel de Ville d'Arlanc abritent le Mus\u00e9e de la Dentelle. Ses riches collections, ses expositions en font un lieux incontournable","robots":{"index":"index","follow":"follow","max-snippet":"max-snippet:-1","max-image-preview":"max-image-preview:large","max-video-preview":"max-video-preview:-1"},"canonical":"https:\/\/arlanc.fr\/musee-de-la-dentelle\/musee-de-la-dentelle-d-arlanc\/","og_locale":"fr_FR","og_type":"article","og_title":"Mus\u00e9e de la dentelle d'Arlanc - Le Mus\u00e9e de la Dentelle d&#039;Arlanc","og_description":"l'H\u00f4tel de Ville d'Arlanc abritent le Mus\u00e9e de la Dentelle. Ses riches collections, ses expositions en font un lieux incontournable","og_url":"https:\/\/arlanc.fr\/musee-de-la-dentelle\/musee-de-la-dentelle-d-arlanc\/","og_site_name":"Le Mus\u00e9e de la Dentelle d&#039;Arlanc","article_modified_time":"2024-09-07T13:09:41+00:00","og_image":[{"width":900,"height":472,"url":"http:\/\/arlanc.fr\/musee-de-la-dentelle\/wp-content\/uploads\/2022\/04\/dentelle.jpg","type":"image\/jpeg"}],"twitter_card":"summary_large_image","twitter_misc":{"Dur\u00e9e de lecture estim\u00e9e":"3 minutes"},"schema":{"@context":"https:\/\/schema.org","@graph":[{"@type":"WebSite","@id":"https:\/\/arlanc.fr\/musee-de-la-dentelle\/#website","url":"https:\/\/arlanc.fr\/musee-de-la-dentelle\/","name":"Le Mus\u00e9e de la Dentelle d&#039;Arlanc","description":"La dentelle aux fuseaux a \u00e9t\u00e9 cr\u00e9\u00e9e pour donner un aspect d\u00e9coratif aux bords des v\u00eatements en Italie puis en Flandres. La France en a import\u00e9 avant que Colbert en interdise l\u2019importation et fonde les manufactures royales (Alen\u00e7on, Chantilly\u2026)","potentialAction":[{"@type":"SearchAction","target":{"@type":"EntryPoint","urlTemplate":"https:\/\/arlanc.fr\/musee-de-la-dentelle\/?s={search_term_string}"},"query-input":"required name=search_term_string"}],"inLanguage":"fr-FR"},{"@type":"ImageObject","@id":"https:\/\/arlanc.fr\/musee-de-la-dentelle\/musee-de-la-dentelle-d-arlanc\/#primaryimage","inLanguage":"fr-FR","url":"https:\/\/arlanc.fr\/musee-de-la-dentelle\/wp-content\/uploads\/2022\/04\/dentelle.jpg","contentUrl":"https:\/\/arlanc.fr\/musee-de-la-dentelle\/wp-content\/uploads\/2022\/04\/dentelle.jpg","width":900,"height":472},{"@type":"WebPage","@id":"https:\/\/arlanc.fr\/musee-de-la-dentelle\/musee-de-la-dentelle-d-arlanc\/#webpage","url":"https:\/\/arlanc.fr\/musee-de-la-dentelle\/musee-de-la-dentelle-d-arlanc\/","name":"Mus\u00e9e de la dentelle d'Arlanc - Le Mus\u00e9e de la Dentelle d&#039;Arlanc","isPartOf":{"@id":"https:\/\/arlanc.fr\/musee-de-la-dentelle\/#website"},"primaryImageOfPage":{"@id":"https:\/\/arlanc.fr\/musee-de-la-dentelle\/musee-de-la-dentelle-d-arlanc\/#primaryimage"},"datePublished":"2022-04-05T19:16:20+00:00","dateModified":"2024-09-07T13:09:41+00:00","description":"l'H\u00f4tel de Ville d'Arlanc abritent le Mus\u00e9e de la Dentelle. Ses riches collections, ses expositions en font un lieux incontournable","breadcrumb":{"@id":"https:\/\/arlanc.fr\/musee-de-la-dentelle\/musee-de-la-dentelle-d-arlanc\/#breadcrumb"},"inLanguage":"fr-FR","potentialAction":[{"@type":"ReadAction","target":["https:\/\/arlanc.fr\/musee-de-la-dentelle\/musee-de-la-dentelle-d-arlanc\/"]}]},{"@type":"BreadcrumbList","@id":"https:\/\/arlanc.fr\/musee-de-la-dentelle\/musee-de-la-dentelle-d-arlanc\/#breadcrumb","itemListElement":[{"@type":"ListItem","position":1,"name":"Accueil","item":"https:\/\/arlanc.fr\/musee-de-la-dentelle\/"},{"@type":"ListItem","position":2,"name":"Mus\u00e9e de la dentelle d&rsquo;Arlanc"}]}]}},"_links":{"self":[{"href":"https:\/\/arlanc.fr\/musee-de-la-dentelle\/wp-json\/wp\/v2\/pages\/129","targetHints":{"allow":["GET"]}}],"collection":[{"href":"https:\/\/arlanc.fr\/musee-de-la-dentelle\/wp-json\/wp\/v2\/pages"}],"about":[{"href":"https:\/\/arlanc.fr\/musee-de-la-dentelle\/wp-json\/wp\/v2\/types\/page"}],"author":[{"embeddable":true,"href":"https:\/\/arlanc.fr\/musee-de-la-dentelle\/wp-json\/wp\/v2\/users\/1"}],"replies":[{"embeddable":true,"href":"https:\/\/arlanc.fr\/musee-de-la-dentelle\/wp-json\/wp\/v2\/comments?post=129"}],"version-history":[{"count":145,"href":"https:\/\/arlanc.fr\/musee-de-la-dentelle\/wp-json\/wp\/v2\/pages\/129\/revisions"}],"predecessor-version":[{"id":589,"href":"https:\/\/arlanc.fr\/musee-de-la-dentelle\/wp-json\/wp\/v2\/pages\/129\/revisions\/589"}],"wp:featuredmedia":[{"embeddable":true,"href":"https:\/\/arlanc.fr\/musee-de-la-dentelle\/wp-json\/wp\/v2\/media\/151"}],"wp:attachment":[{"href":"https:\/\/arlanc.fr\/musee-de-la-dentelle\/wp-json\/wp\/v2\/media?parent=129"}],"curies":[{"name":"wp","href":"https:\/\/api.w.org\/{rel}","templated":true}]}}