{"version":"1.0","provider_name":"Le Mus\u00e9e de la Dentelle d&#039;Arlanc","provider_url":"https:\/\/arlanc.fr\/musee-de-la-dentelle","author_name":"MuseeDentelle","author_url":"https:\/\/arlanc.fr\/musee-de-la-dentelle\/author\/museedentelle\/","title":"Exposition 2024 - Le Mus\u00e9e de la Dentelle d&#039;Arlanc","type":"rich","width":600,"height":338,"html":"<blockquote class=\"wp-embedded-content\" data-secret=\"XbP2YaEHIM\"><a href=\"https:\/\/arlanc.fr\/musee-de-la-dentelle\/exposition-2024\/\">Exposition 2024<\/a><\/blockquote><iframe sandbox=\"allow-scripts\" security=\"restricted\" src=\"https:\/\/arlanc.fr\/musee-de-la-dentelle\/exposition-2024\/embed\/#?secret=XbP2YaEHIM\" width=\"600\" height=\"338\" title=\"\u00ab\u00a0Exposition 2024\u00a0\u00bb &#8212; Le Mus\u00e9e de la Dentelle d&#039;Arlanc\" data-secret=\"XbP2YaEHIM\" frameborder=\"0\" marginwidth=\"0\" marginheight=\"0\" scrolling=\"no\" class=\"wp-embedded-content\"><\/iframe><script type=\"text\/javascript\">\n\/* <![CDATA[ *\/\n\/*! This file is auto-generated *\/\n!function(d,l){\"use strict\";l.querySelector&&d.addEventListener&&\"undefined\"!=typeof URL&&(d.wp=d.wp||{},d.wp.receiveEmbedMessage||(d.wp.receiveEmbedMessage=function(e){var t=e.data;if((t||t.secret||t.message||t.value)&&!\/[^a-zA-Z0-9]\/.test(t.secret)){for(var s,r,n,a=l.querySelectorAll('iframe[data-secret=\"'+t.secret+'\"]'),o=l.querySelectorAll('blockquote[data-secret=\"'+t.secret+'\"]'),c=new RegExp(\"^https?:$\",\"i\"),i=0;i<o.length;i++)o[i].style.display=\"none\";for(i=0;i<a.length;i++)s=a[i],e.source===s.contentWindow&&(s.removeAttribute(\"style\"),\"height\"===t.message?(1e3<(r=parseInt(t.value,10))?r=1e3:~~r<200&&(r=200),s.height=r):\"link\"===t.message&&(r=new URL(s.getAttribute(\"src\")),n=new URL(t.value),c.test(n.protocol))&&n.host===r.host&&l.activeElement===s&&(d.top.location.href=t.value))}},d.addEventListener(\"message\",d.wp.receiveEmbedMessage,!1),l.addEventListener(\"DOMContentLoaded\",function(){for(var e,t,s=l.querySelectorAll(\"iframe.wp-embedded-content\"),r=0;r<s.length;r++)(t=(e=s[r]).getAttribute(\"data-secret\"))||(t=Math.random().toString(36).substring(2,12),e.src+=\"#?secret=\"+t,e.setAttribute(\"data-secret\",t)),e.contentWindow.postMessage({message:\"ready\",secret:t},\"*\")},!1)))}(window,document);\n\/\/# sourceURL=https:\/\/arlanc.fr\/musee-de-la-dentelle\/wp-includes\/js\/wp-embed.min.js\n\/* ]]> *\/\n<\/script>\n","thumbnail_url":"http:\/\/arlanc.fr\/musee-de-la-dentelle\/wp-content\/uploads\/2024\/04\/IMG_6929-scaled.jpg","thumbnail_width":2560,"thumbnail_height":1707,"description":"ARANT\u00c8LES &#8211; MARTINE VIALA VISIBLE DE MAI \u00c0 SEPTEMBRE La ge\u00f4li\u00e8re emprisonneuse\u00a0\u00a0 trame la toile perfide du pi\u00e8ge agglutinant\u00a0\u00a0 \u00a0 Cette exposition se compose de deux parties distinctes qui se r\u00e9pondent et questionnent tant : le pass\u00e9 dentellier d\u2019Arlanc, le regard des publics face aux \u0153uvres de dentelles\u00a0 &#8211; avec \u00ab\u00a0les cercles de dentelle\u00a0\u00bb -, [&hellip;]"}