{"id":2855,"date":"2025-02-10T10:25:21","date_gmt":"2025-02-10T09:25:21","guid":{"rendered":"https:\/\/arlanc.fr\/jardin-pour-la-terre\/?post_type=lsvr_event&#038;p=2855"},"modified":"2025-02-10T10:25:21","modified_gmt":"2025-02-10T09:25:21","slug":"la-teinture-arc-en-ciel","status":"publish","type":"lsvr_event","link":"https:\/\/arlanc.fr\/jardin-pour-la-terre\/events\/la-teinture-arc-en-ciel\/","title":{"rendered":"La teinture arc en ciel"},"content":{"rendered":"<p>En partenariat avec le service patrimoine de la Communaut\u00e9 de Communes Ambert Livradois Forez.<\/p>\n<p>Cet atelier offre une occasion unique d&rsquo;explorer les principes de la teinture v\u00e9g\u00e9tale. Les participants auront l&rsquo;opportunit\u00e9 de d\u00e9couvrir comment utiliser diff\u00e9rentes plantes pour cr\u00e9er une large palette de couleurs gr\u00e2ce \u00e0 leurs r\u00e9actions chimiques naturelles. C&rsquo;est \u00e9galement une chance de se familiariser avec les plantes tinctoriales pr\u00e9sentes dans le jardin. A partir de 5 ans- 10\u20ac avec entr\u00e9e du jardin- Dur\u00e9e 3h<\/p>\n<p>A partir de 5 ans- 10\u20ac avec l&rsquo;entr\u00e9e du jardin- Dur\u00e9e 3h<\/p>\n","protected":false},"excerpt":{"rendered":"<p>En partenariat avec le service patrimoine de la Communaut\u00e9 de Communes Ambert Livradois Forez. Cet atelier offre une occasion unique d&rsquo;explorer les principes de la teinture v\u00e9g\u00e9tale. Les participants auront l&rsquo;opportunit\u00e9 de d\u00e9couvrir comment utiliser diff\u00e9rentes plantes pour cr\u00e9er une large palette de couleurs gr\u00e2ce \u00e0 leurs r\u00e9actions chimiques naturelles. C&rsquo;est \u00e9galement une chance de [&hellip;]<\/p>\n","protected":false},"author":1,"featured_media":2692,"template":"","meta":{"_price":"","_stock":"","_tribe_ticket_header":"","_tribe_default_ticket_provider":"","_tribe_ticket_capacity":"0","_ticket_start_date":"","_ticket_end_date":"","_tribe_ticket_show_description":"","_tribe_ticket_show_not_going":false,"_tribe_ticket_use_global_stock":"","_tribe_ticket_global_stock_level":"","_global_stock_mode":"","_global_stock_cap":"","_tribe_rsvp_for_event":"","_tribe_ticket_going_count":"","_tribe_ticket_not_going_count":"","_tribe_tickets_list":[],"_tribe_ticket_has_attendee_info_fields":false,"footnotes":""},"lsvr_event_cat":[],"lsvr_event_tag":[],"class_list":["post-2855","lsvr_event","type-lsvr_event","status-publish","has-post-thumbnail","hentry"],"yoast_head":"<!-- This site is optimized with the Yoast SEO plugin v27.5 - https:\/\/yoast.com\/product\/yoast-seo-wordpress\/ -->\n<title>La teinture arc en ciel - Le Jardin pour la Terre<\/title>\n<meta name=\"description\" content=\"Cet atelier offre une occasion unique d&#039;explorer les principes de la teinture v\u00e9g\u00e9tale. Les participants auront l&#039;opportunit\u00e9 de d\u00e9couvrir comment utiliser diff\u00e9rentes plantes pour cr\u00e9er une large palette de couleurs gr\u00e2ce \u00e0 leurs r\u00e9actions chimiques naturelles. C&#039;est \u00e9galement une chance de se familiariser avec les plantes tinctoriales pr\u00e9sentes dans le jardin. A partir de 5 ans- 10\u20ac avec entr\u00e9e du jardin- Dur\u00e9e 3h A partir de 5 ans- 10\u20ac avec l&#039;entr\u00e9e du jardin- Dur\u00e9e 3h\" \/>\n<meta name=\"robots\" content=\"index, follow, max-snippet:-1, max-image-preview:large, max-video-preview:-1\" \/>\n<link rel=\"canonical\" href=\"https:\/\/arlanc.fr\/jardin-pour-la-terre\/events\/la-teinture-arc-en-ciel\/\" \/>\n<meta property=\"og:locale\" content=\"fr_FR\" \/>\n<meta property=\"og:type\" content=\"article\" \/>\n<meta property=\"og:title\" content=\"La teinture arc en ciel - Le Jardin pour la Terre\" \/>\n<meta property=\"og:description\" content=\"Cet atelier offre une occasion unique d&#039;explorer les principes de la teinture v\u00e9g\u00e9tale. Les participants auront l&#039;opportunit\u00e9 de d\u00e9couvrir comment utiliser diff\u00e9rentes plantes pour cr\u00e9er une large palette de couleurs gr\u00e2ce \u00e0 leurs r\u00e9actions chimiques naturelles. C&#039;est \u00e9galement une chance de se familiariser avec les plantes tinctoriales pr\u00e9sentes dans le jardin. A partir de 5 ans- 10\u20ac avec entr\u00e9e du jardin- Dur\u00e9e 3h A partir de 5 ans- 10\u20ac avec l&#039;entr\u00e9e du jardin- Dur\u00e9e 3h\" \/>\n<meta property=\"og:url\" content=\"https:\/\/arlanc.fr\/jardin-pour-la-terre\/events\/la-teinture-arc-en-ciel\/\" \/>\n<meta property=\"og:site_name\" content=\"Le Jardin pour la Terre\" \/>\n<meta property=\"og:image\" content=\"https:\/\/arlanc.fr\/jardin-pour-la-terre\/wp-content\/uploads\/2025\/01\/rubans.png\" \/>\n\t<meta property=\"og:image:width\" content=\"687\" \/>\n\t<meta property=\"og:image:height\" content=\"502\" \/>\n\t<meta property=\"og:image:type\" content=\"image\/png\" \/>\n<meta name=\"twitter:card\" content=\"summary_large_image\" \/>\n<meta name=\"twitter:label1\" content=\"Dur\u00e9e de lecture estim\u00e9e\" \/>\n\t<meta name=\"twitter:data1\" content=\"1 minute\" \/>\n<script type=\"application\/ld+json\" class=\"yoast-schema-graph\">{\"@context\":\"https:\\\/\\\/schema.org\",\"@graph\":[{\"@type\":\"WebPage\",\"@id\":\"https:\\\/\\\/arlanc.fr\\\/jardin-pour-la-terre\\\/events\\\/la-teinture-arc-en-ciel\\\/\",\"url\":\"https:\\\/\\\/arlanc.fr\\\/jardin-pour-la-terre\\\/events\\\/la-teinture-arc-en-ciel\\\/\",\"name\":\"La teinture arc en ciel - Le Jardin pour la Terre\",\"isPartOf\":{\"@id\":\"https:\\\/\\\/arlanc.fr\\\/jardin-pour-la-terre\\\/#website\"},\"primaryImageOfPage\":{\"@id\":\"https:\\\/\\\/arlanc.fr\\\/jardin-pour-la-terre\\\/events\\\/la-teinture-arc-en-ciel\\\/#primaryimage\"},\"image\":{\"@id\":\"https:\\\/\\\/arlanc.fr\\\/jardin-pour-la-terre\\\/events\\\/la-teinture-arc-en-ciel\\\/#primaryimage\"},\"thumbnailUrl\":\"https:\\\/\\\/arlanc.fr\\\/jardin-pour-la-terre\\\/wp-content\\\/uploads\\\/2025\\\/01\\\/rubans.png\",\"datePublished\":\"2025-02-10T09:25:21+00:00\",\"description\":\"Cet atelier offre une occasion unique d'explorer les principes de la teinture v\u00e9g\u00e9tale. Les participants auront l'opportunit\u00e9 de d\u00e9couvrir comment utiliser diff\u00e9rentes plantes pour cr\u00e9er une large palette de couleurs gr\u00e2ce \u00e0 leurs r\u00e9actions chimiques naturelles. C'est \u00e9galement une chance de se familiariser avec les plantes tinctoriales pr\u00e9sentes dans le jardin. A partir de 5 ans- 10\u20ac avec entr\u00e9e du jardin- Dur\u00e9e 3h A partir de 5 ans- 10\u20ac avec l'entr\u00e9e du jardin- Dur\u00e9e 3h\",\"breadcrumb\":{\"@id\":\"https:\\\/\\\/arlanc.fr\\\/jardin-pour-la-terre\\\/events\\\/la-teinture-arc-en-ciel\\\/#breadcrumb\"},\"inLanguage\":\"fr-FR\",\"potentialAction\":[{\"@type\":\"ReadAction\",\"target\":[\"https:\\\/\\\/arlanc.fr\\\/jardin-pour-la-terre\\\/events\\\/la-teinture-arc-en-ciel\\\/\"]}]},{\"@type\":\"ImageObject\",\"inLanguage\":\"fr-FR\",\"@id\":\"https:\\\/\\\/arlanc.fr\\\/jardin-pour-la-terre\\\/events\\\/la-teinture-arc-en-ciel\\\/#primaryimage\",\"url\":\"https:\\\/\\\/arlanc.fr\\\/jardin-pour-la-terre\\\/wp-content\\\/uploads\\\/2025\\\/01\\\/rubans.png\",\"contentUrl\":\"https:\\\/\\\/arlanc.fr\\\/jardin-pour-la-terre\\\/wp-content\\\/uploads\\\/2025\\\/01\\\/rubans.png\",\"width\":687,\"height\":502},{\"@type\":\"BreadcrumbList\",\"@id\":\"https:\\\/\\\/arlanc.fr\\\/jardin-pour-la-terre\\\/events\\\/la-teinture-arc-en-ciel\\\/#breadcrumb\",\"itemListElement\":[{\"@type\":\"ListItem\",\"position\":1,\"name\":\"Accueil\",\"item\":\"https:\\\/\\\/arlanc.fr\\\/jardin-pour-la-terre\\\/\"},{\"@type\":\"ListItem\",\"position\":2,\"name\":\"Les \u00e9v\u00e9nements\",\"item\":\"https:\\\/\\\/arlanc.fr\\\/jardin-pour-la-terre\\\/events\\\/\"},{\"@type\":\"ListItem\",\"position\":3,\"name\":\"La teinture arc en ciel\"}]},{\"@type\":\"WebSite\",\"@id\":\"https:\\\/\\\/arlanc.fr\\\/jardin-pour-la-terre\\\/#website\",\"url\":\"https:\\\/\\\/arlanc.fr\\\/jardin-pour-la-terre\\\/\",\"name\":\"Le Jardin pour la Terre\",\"description\":\"Un site utilisant WordPress\",\"publisher\":{\"@id\":\"https:\\\/\\\/arlanc.fr\\\/jardin-pour-la-terre\\\/#organization\"},\"potentialAction\":[{\"@type\":\"SearchAction\",\"target\":{\"@type\":\"EntryPoint\",\"urlTemplate\":\"https:\\\/\\\/arlanc.fr\\\/jardin-pour-la-terre\\\/?s={search_term_string}\"},\"query-input\":{\"@type\":\"PropertyValueSpecification\",\"valueRequired\":true,\"valueName\":\"search_term_string\"}}],\"inLanguage\":\"fr-FR\"},{\"@type\":\"Organization\",\"@id\":\"https:\\\/\\\/arlanc.fr\\\/jardin-pour-la-terre\\\/#organization\",\"name\":\"Le Jardin pour la Terre\",\"url\":\"https:\\\/\\\/arlanc.fr\\\/jardin-pour-la-terre\\\/\",\"logo\":{\"@type\":\"ImageObject\",\"inLanguage\":\"fr-FR\",\"@id\":\"https:\\\/\\\/arlanc.fr\\\/jardin-pour-la-terre\\\/#\\\/schema\\\/logo\\\/image\\\/\",\"url\":\"https:\\\/\\\/arlanc.fr\\\/jardin-pour-la-terre\\\/wp-content\\\/uploads\\\/2022\\\/04\\\/unnamed.png\",\"contentUrl\":\"https:\\\/\\\/arlanc.fr\\\/jardin-pour-la-terre\\\/wp-content\\\/uploads\\\/2022\\\/04\\\/unnamed.png\",\"width\":160,\"height\":160,\"caption\":\"Le Jardin pour la Terre\"},\"image\":{\"@id\":\"https:\\\/\\\/arlanc.fr\\\/jardin-pour-la-terre\\\/#\\\/schema\\\/logo\\\/image\\\/\"}}]}<\/script>\n<!-- \/ Yoast SEO plugin. -->","yoast_head_json":{"title":"La teinture arc en ciel - Le Jardin pour la Terre","description":"Cet atelier offre une occasion unique d'explorer les principes de la teinture v\u00e9g\u00e9tale. Les participants auront l'opportunit\u00e9 de d\u00e9couvrir comment utiliser diff\u00e9rentes plantes pour cr\u00e9er une large palette de couleurs gr\u00e2ce \u00e0 leurs r\u00e9actions chimiques naturelles. C'est \u00e9galement une chance de se familiariser avec les plantes tinctoriales pr\u00e9sentes dans le jardin. A partir de 5 ans- 10\u20ac avec entr\u00e9e du jardin- Dur\u00e9e 3h A partir de 5 ans- 10\u20ac avec l'entr\u00e9e du jardin- Dur\u00e9e 3h","robots":{"index":"index","follow":"follow","max-snippet":"max-snippet:-1","max-image-preview":"max-image-preview:large","max-video-preview":"max-video-preview:-1"},"canonical":"https:\/\/arlanc.fr\/jardin-pour-la-terre\/events\/la-teinture-arc-en-ciel\/","og_locale":"fr_FR","og_type":"article","og_title":"La teinture arc en ciel - Le Jardin pour la Terre","og_description":"Cet atelier offre une occasion unique d'explorer les principes de la teinture v\u00e9g\u00e9tale. Les participants auront l'opportunit\u00e9 de d\u00e9couvrir comment utiliser diff\u00e9rentes plantes pour cr\u00e9er une large palette de couleurs gr\u00e2ce \u00e0 leurs r\u00e9actions chimiques naturelles. C'est \u00e9galement une chance de se familiariser avec les plantes tinctoriales pr\u00e9sentes dans le jardin. A partir de 5 ans- 10\u20ac avec entr\u00e9e du jardin- Dur\u00e9e 3h A partir de 5 ans- 10\u20ac avec l'entr\u00e9e du jardin- Dur\u00e9e 3h","og_url":"https:\/\/arlanc.fr\/jardin-pour-la-terre\/events\/la-teinture-arc-en-ciel\/","og_site_name":"Le Jardin pour la Terre","og_image":[{"width":687,"height":502,"url":"https:\/\/arlanc.fr\/jardin-pour-la-terre\/wp-content\/uploads\/2025\/01\/rubans.png","type":"image\/png"}],"twitter_card":"summary_large_image","twitter_misc":{"Dur\u00e9e de lecture estim\u00e9e":"1 minute"},"schema":{"@context":"https:\/\/schema.org","@graph":[{"@type":"WebPage","@id":"https:\/\/arlanc.fr\/jardin-pour-la-terre\/events\/la-teinture-arc-en-ciel\/","url":"https:\/\/arlanc.fr\/jardin-pour-la-terre\/events\/la-teinture-arc-en-ciel\/","name":"La teinture arc en ciel - Le Jardin pour la Terre","isPartOf":{"@id":"https:\/\/arlanc.fr\/jardin-pour-la-terre\/#website"},"primaryImageOfPage":{"@id":"https:\/\/arlanc.fr\/jardin-pour-la-terre\/events\/la-teinture-arc-en-ciel\/#primaryimage"},"image":{"@id":"https:\/\/arlanc.fr\/jardin-pour-la-terre\/events\/la-teinture-arc-en-ciel\/#primaryimage"},"thumbnailUrl":"https:\/\/arlanc.fr\/jardin-pour-la-terre\/wp-content\/uploads\/2025\/01\/rubans.png","datePublished":"2025-02-10T09:25:21+00:00","description":"Cet atelier offre une occasion unique d'explorer les principes de la teinture v\u00e9g\u00e9tale. Les participants auront l'opportunit\u00e9 de d\u00e9couvrir comment utiliser diff\u00e9rentes plantes pour cr\u00e9er une large palette de couleurs gr\u00e2ce \u00e0 leurs r\u00e9actions chimiques naturelles. C'est \u00e9galement une chance de se familiariser avec les plantes tinctoriales pr\u00e9sentes dans le jardin. A partir de 5 ans- 10\u20ac avec entr\u00e9e du jardin- Dur\u00e9e 3h A partir de 5 ans- 10\u20ac avec l'entr\u00e9e du jardin- Dur\u00e9e 3h","breadcrumb":{"@id":"https:\/\/arlanc.fr\/jardin-pour-la-terre\/events\/la-teinture-arc-en-ciel\/#breadcrumb"},"inLanguage":"fr-FR","potentialAction":[{"@type":"ReadAction","target":["https:\/\/arlanc.fr\/jardin-pour-la-terre\/events\/la-teinture-arc-en-ciel\/"]}]},{"@type":"ImageObject","inLanguage":"fr-FR","@id":"https:\/\/arlanc.fr\/jardin-pour-la-terre\/events\/la-teinture-arc-en-ciel\/#primaryimage","url":"https:\/\/arlanc.fr\/jardin-pour-la-terre\/wp-content\/uploads\/2025\/01\/rubans.png","contentUrl":"https:\/\/arlanc.fr\/jardin-pour-la-terre\/wp-content\/uploads\/2025\/01\/rubans.png","width":687,"height":502},{"@type":"BreadcrumbList","@id":"https:\/\/arlanc.fr\/jardin-pour-la-terre\/events\/la-teinture-arc-en-ciel\/#breadcrumb","itemListElement":[{"@type":"ListItem","position":1,"name":"Accueil","item":"https:\/\/arlanc.fr\/jardin-pour-la-terre\/"},{"@type":"ListItem","position":2,"name":"Les \u00e9v\u00e9nements","item":"https:\/\/arlanc.fr\/jardin-pour-la-terre\/events\/"},{"@type":"ListItem","position":3,"name":"La teinture arc en ciel"}]},{"@type":"WebSite","@id":"https:\/\/arlanc.fr\/jardin-pour-la-terre\/#website","url":"https:\/\/arlanc.fr\/jardin-pour-la-terre\/","name":"Le Jardin pour la Terre","description":"Un site utilisant WordPress","publisher":{"@id":"https:\/\/arlanc.fr\/jardin-pour-la-terre\/#organization"},"potentialAction":[{"@type":"SearchAction","target":{"@type":"EntryPoint","urlTemplate":"https:\/\/arlanc.fr\/jardin-pour-la-terre\/?s={search_term_string}"},"query-input":{"@type":"PropertyValueSpecification","valueRequired":true,"valueName":"search_term_string"}}],"inLanguage":"fr-FR"},{"@type":"Organization","@id":"https:\/\/arlanc.fr\/jardin-pour-la-terre\/#organization","name":"Le Jardin pour la Terre","url":"https:\/\/arlanc.fr\/jardin-pour-la-terre\/","logo":{"@type":"ImageObject","inLanguage":"fr-FR","@id":"https:\/\/arlanc.fr\/jardin-pour-la-terre\/#\/schema\/logo\/image\/","url":"https:\/\/arlanc.fr\/jardin-pour-la-terre\/wp-content\/uploads\/2022\/04\/unnamed.png","contentUrl":"https:\/\/arlanc.fr\/jardin-pour-la-terre\/wp-content\/uploads\/2022\/04\/unnamed.png","width":160,"height":160,"caption":"Le Jardin pour la Terre"},"image":{"@id":"https:\/\/arlanc.fr\/jardin-pour-la-terre\/#\/schema\/logo\/image\/"}}]}},"_links":{"self":[{"href":"https:\/\/arlanc.fr\/jardin-pour-la-terre\/wp-json\/wp\/v2\/lsvr_event\/2855","targetHints":{"allow":["GET"]}}],"collection":[{"href":"https:\/\/arlanc.fr\/jardin-pour-la-terre\/wp-json\/wp\/v2\/lsvr_event"}],"about":[{"href":"https:\/\/arlanc.fr\/jardin-pour-la-terre\/wp-json\/wp\/v2\/types\/lsvr_event"}],"author":[{"embeddable":true,"href":"https:\/\/arlanc.fr\/jardin-pour-la-terre\/wp-json\/wp\/v2\/users\/1"}],"version-history":[{"count":1,"href":"https:\/\/arlanc.fr\/jardin-pour-la-terre\/wp-json\/wp\/v2\/lsvr_event\/2855\/revisions"}],"predecessor-version":[{"id":2856,"href":"https:\/\/arlanc.fr\/jardin-pour-la-terre\/wp-json\/wp\/v2\/lsvr_event\/2855\/revisions\/2856"}],"wp:featuredmedia":[{"embeddable":true,"href":"https:\/\/arlanc.fr\/jardin-pour-la-terre\/wp-json\/wp\/v2\/media\/2692"}],"wp:attachment":[{"href":"https:\/\/arlanc.fr\/jardin-pour-la-terre\/wp-json\/wp\/v2\/media?parent=2855"}],"wp:term":[{"taxonomy":"lsvr_event_cat","embeddable":true,"href":"https:\/\/arlanc.fr\/jardin-pour-la-terre\/wp-json\/wp\/v2\/lsvr_event_cat?post=2855"},{"taxonomy":"lsvr_event_tag","embeddable":true,"href":"https:\/\/arlanc.fr\/jardin-pour-la-terre\/wp-json\/wp\/v2\/lsvr_event_tag?post=2855"}],"curies":[{"name":"wp","href":"https:\/\/api.w.org\/{rel}","templated":true}]}}